{"id":3883,"date":"2021-06-24T09:44:00","date_gmt":"2023-12-11T10:44:16","guid":{"rendered":"https:\/\/vandeveldebeton.be\/produits\/finition\/ecco-tuinboorden\/"},"modified":"2024-06-05T13:35:06","modified_gmt":"2024-06-05T12:35:06","slug":"bordures-de-jardin-ecco","status":"publish","type":"page","link":"https:\/\/vandeveldebeton.be\/fr\/produits\/finition\/bordures-de-jardin-ecco\/","title":{"rendered":"Bordures de jardin ECCO"},"content":{"rendered":"<section class=\"l-section wpb_row coverrow height_auto with_img\"><div class=\"l-section-img\" role=\"img\" aria-label=\"Image\" data-img-width=\"960\" data-img-height=\"640\" style=\"background-image: url(https:\/\/vandeveldebeton.be\/wp-content\/uploads\/2021\/06\/Beton_BG.jpg);\"><\/div><div class=\"l-section-h i-cf\"><div class=\"g-cols vc_row via_flex valign_middle type_default stacking_default\"><div class=\"vc_col-sm-6 wpb_column vc_column_container\"><div class=\"vc_column-inner\"><div class=\"wpb_wrapper\"><div class=\"wpb_text_column\"><div class=\"wpb_wrapper\"><h1>Bordures de jardin ECCO products<\/h1>\n<\/div><\/div><div class=\"wpb_text_column\"><div class=\"wpb_wrapper\"><div class=\"product-text\">\n<div class=\"product-text\">\n<p><span class=\"TextRun SCXW8620874 BCX0\" lang=\"FR-FR\" xml:lang=\"FR-FR\" data-contrast=\"auto\"><span class=\"NormalTextRun SCXW8620874 BCX0\">Si vous recherchez de belles bordures pour votre jardin, nous vous proposons des solutions tr\u00e8s pratiques et abordables. Avec nous, vous pouvez choisir parmi des panneaux fixes et flexibles qui vous permettent de cr\u00e9er une bordure \u00e9l\u00e9gante ou fluide.<\/span><\/span><span class=\"EOP SCXW8620874 BCX0\" data-ccp-props=\"{&quot;201341983&quot;:0,&quot;335559739&quot;:160,&quot;335559740&quot;:259}\">\u00a0<\/span><\/p>\n<\/div>\n<\/div>\n<\/div><\/div><div class=\"w-btn-wrapper align_none\"><a class=\"w-btn us-btn-style_1\" title=\"Producten\" href=\"http:\/\/vandeveldebeton.be\/fr\/contact\/\"><span class=\"w-btn-label\">Contactez-nous<\/span><\/a><\/div><\/div><\/div><\/div><div class=\"vc_col-sm-6 wpb_column vc_column_container has_bg_color stretched\"><div class=\"vc_column-inner us_custom_e0ef08f8\"><div class=\"wpb_wrapper\"><\/div><\/div><\/div><\/div><\/div><\/section><section class=\"l-section wpb_row us_custom_d2199d32 height_auto\"><div class=\"l-section-h i-cf\"><div class=\"g-cols vc_row via_flex valign_top type_default stacking_default\"><div class=\"vc_col-sm-12 wpb_column vc_column_container\"><div class=\"vc_column-inner\"><div class=\"wpb_wrapper\">[vc_raw_html el_class=&#8221;breadcrumbs&#8221;]JTVCd3BzZW9fYnJlYWRjcnVtYiU1RCUwQQ==[\/vc_raw_html]<\/div><\/div><\/div><\/div><\/div><\/section><section class=\"l-section wpb_row us_custom_0d15be52 height_medium\"><div class=\"l-section-h i-cf\"><div class=\"g-cols vc_row via_flex valign_top type_default stacking_default\"><div class=\"vc_col-sm-8 wpb_column vc_column_container\"><div class=\"vc_column-inner\"><div class=\"wpb_wrapper\"><div class=\"wpb_text_column\"><div class=\"wpb_wrapper\"><p>Notre gamme comprend diff\u00e9rents types de bordures, de sorte qu&#8217;il existe un produit adapt\u00e9 \u00e0 chaque jardin, qu&#8217;il s&#8217;agisse de bordures \u00e9l\u00e9gantes et modernes ou de bordures classiques et authentiques. La diff\u00e9rence entre les diff\u00e9rents produits r\u00e9side dans la couleur, le mat\u00e9riau et les dimensions.<\/p>\n<p>La variante la mieux adapt\u00e9e \u00e0 votre jardin d\u00e9pend de l&#8217;application pour laquelle la bordure de jardin sera utilis\u00e9e et de ce que vous aimez. <\/p>\n<\/div><\/div><\/div><\/div><\/div><div class=\"vc_col-sm-4 wpb_column vc_column_container\"><div class=\"vc_column-inner\"><div class=\"wpb_wrapper\"><div class=\"wpb_text_column\"><div class=\"wpb_wrapper\"><p>Les applications possibles sont :<\/p>\n<ul>\n<li>bordures de pelouse et de chemins,<\/li>\n<li>finition des all\u00e9es et de la terrasse et<\/li>\n<li>parterre de fleurs ou potager<\/li>\n<\/ul>\n<\/div><\/div><\/div><\/div><\/div><\/div><\/div><\/section><section class=\"l-section wpb_row height_medium\"><div class=\"l-section-h i-cf\"><div class=\"g-cols vc_row via_flex valign_middle type_default stacking_default\"><div class=\"vc_col-sm-6 wpb_column vc_column_container\"><div class=\"vc_column-inner\"><div class=\"wpb_wrapper\"><div class=\"wpb_text_column\"><div class=\"wpb_wrapper\"><h2>Bordures de jardin flexibles en acier Core Edge<\/h2>\n<p>Les mat\u00e9riaux de bordure CORE Edge sont suffisamment solides pour les tondeuses \u00e0 gazon et les<\/p>\n<p>v\u00e9hicules l\u00e9gers. Les bordures en acier sont flexibles et peuvent \u00eatre install\u00e9es rapidement sans outils sp\u00e9ciaux. Qu&#8217;il s&#8217;agisse de lignes droites ou de formes courbes, l&#8217;installation est facile.<\/p>\n<\/div><\/div><div class=\"w-separator size_medium\"><\/div><div class=\"w-gallery fit_cover type_grid ratio_1x1 count_4\" style=\"--columns:4;--items-gap:10px;\"><div class=\"w-gallery-list\"><div class=\"w-gallery-item\"><div class=\"w-gallery-item-img\"><img loading=\"lazy\" decoding=\"async\" width=\"1024\" height=\"1024\" src=\"https:\/\/vandeveldebeton.be\/wp-content\/uploads\/2023\/12\/CORE-EDGE-Postmailing_Van-de-Velde-Beton_NL-7-1024x1024.jpg\" class=\"attachment-large size-large\" alt=\"\" srcset=\"https:\/\/vandeveldebeton.be\/wp-content\/uploads\/2023\/12\/CORE-EDGE-Postmailing_Van-de-Velde-Beton_NL-7-1024x1024.jpg 1024w, https:\/\/vandeveldebeton.be\/wp-content\/uploads\/2023\/12\/CORE-EDGE-Postmailing_Van-de-Velde-Beton_NL-7-300x300.jpg 300w, https:\/\/vandeveldebeton.be\/wp-content\/uploads\/2023\/12\/CORE-EDGE-Postmailing_Van-de-Velde-Beton_NL-7-150x150.jpg 150w, https:\/\/vandeveldebeton.be\/wp-content\/uploads\/2023\/12\/CORE-EDGE-Postmailing_Van-de-Velde-Beton_NL-7.jpg 1080w\" sizes=\"auto, (max-width: 1024px) 100vw, 1024px\" \/><\/div><\/div><div class=\"w-gallery-item\"><div class=\"w-gallery-item-img\"><img loading=\"lazy\" decoding=\"async\" width=\"1024\" height=\"1024\" src=\"https:\/\/vandeveldebeton.be\/wp-content\/uploads\/2023\/12\/CORE-EDGE-Postmailing_Van-de-Velde-Beton_NL-6-1024x1024.jpg\" class=\"attachment-large size-large\" alt=\"\" srcset=\"https:\/\/vandeveldebeton.be\/wp-content\/uploads\/2023\/12\/CORE-EDGE-Postmailing_Van-de-Velde-Beton_NL-6-1024x1024.jpg 1024w, https:\/\/vandeveldebeton.be\/wp-content\/uploads\/2023\/12\/CORE-EDGE-Postmailing_Van-de-Velde-Beton_NL-6-300x300.jpg 300w, https:\/\/vandeveldebeton.be\/wp-content\/uploads\/2023\/12\/CORE-EDGE-Postmailing_Van-de-Velde-Beton_NL-6-150x150.jpg 150w, https:\/\/vandeveldebeton.be\/wp-content\/uploads\/2023\/12\/CORE-EDGE-Postmailing_Van-de-Velde-Beton_NL-6.jpg 1080w\" sizes=\"auto, (max-width: 1024px) 100vw, 1024px\" \/><\/div><\/div><div class=\"w-gallery-item\"><div class=\"w-gallery-item-img\"><img loading=\"lazy\" decoding=\"async\" width=\"886\" height=\"1024\" src=\"https:\/\/vandeveldebeton.be\/wp-content\/uploads\/2023\/12\/CORE-EDGE-Postmailing_Van-de-Velde-Beton_NL-5-886x1024.jpg\" class=\"attachment-large size-large\" alt=\"\" srcset=\"https:\/\/vandeveldebeton.be\/wp-content\/uploads\/2023\/12\/CORE-EDGE-Postmailing_Van-de-Velde-Beton_NL-5-886x1024.jpg 886w, https:\/\/vandeveldebeton.be\/wp-content\/uploads\/2023\/12\/CORE-EDGE-Postmailing_Van-de-Velde-Beton_NL-5-259x300.jpg 259w, https:\/\/vandeveldebeton.be\/wp-content\/uploads\/2023\/12\/CORE-EDGE-Postmailing_Van-de-Velde-Beton_NL-5.jpg 934w\" sizes=\"auto, (max-width: 886px) 100vw, 886px\" \/><\/div><\/div><div class=\"w-gallery-item\"><div class=\"w-gallery-item-img\"><img loading=\"lazy\" decoding=\"async\" width=\"877\" height=\"1024\" src=\"https:\/\/vandeveldebeton.be\/wp-content\/uploads\/2023\/12\/CORE-EDGE-Postmailing_Van-de-Velde-Beton_NL-4-877x1024.jpg\" class=\"attachment-large size-large\" alt=\"\" srcset=\"https:\/\/vandeveldebeton.be\/wp-content\/uploads\/2023\/12\/CORE-EDGE-Postmailing_Van-de-Velde-Beton_NL-4-877x1024.jpg 877w, https:\/\/vandeveldebeton.be\/wp-content\/uploads\/2023\/12\/CORE-EDGE-Postmailing_Van-de-Velde-Beton_NL-4-257x300.jpg 257w, https:\/\/vandeveldebeton.be\/wp-content\/uploads\/2023\/12\/CORE-EDGE-Postmailing_Van-de-Velde-Beton_NL-4.jpg 925w\" sizes=\"auto, (max-width: 877px) 100vw, 877px\" \/><\/div><\/div><\/div><\/div><div class=\"w-separator size_medium\"><\/div><div class=\"wpb_text_column\"><div class=\"wpb_wrapper\"><p>Chaque type de bordure de jardin, \u00e0 l&#8217;exception de l&#8217;acier patin\u00e9 (Cor-ten), est rev\u00eatu d&#8217;une couche de zinc galvanis\u00e9 de 20 microns. Les protections noires (RAL 9005) sont recouvertes d&#8217;une couche de poudre de polyester de 110 microns r\u00e9sistante aux UV, qui emp\u00eache la d\u00e9coloration et forme une couche durable et r\u00e9sistante aux radiations. Cela garantit une dur\u00e9e de vie de plus de 20 ans.<\/p>\n<p>Les broches d&#8217;ancrage ont un pli unique au milieu, qui renforce l&#8217;ancrage au sol et rend les bordures de jardin id\u00e9ales pour une utilisation dans des sols plus lourds. Si le sol est meuble, une goupille optionnelle de 300 mm est disponible pour assurer la stabilit\u00e9. Cet accessoire est disponible s\u00e9par\u00e9ment.<\/p>\n<\/div><\/div><\/div><\/div><\/div><div class=\"vc_col-sm-6 wpb_column vc_column_container stretched\"><div class=\"vc_column-inner\"><div class=\"wpb_wrapper\"><div class=\"w-image align_center\"><div class=\"w-image-h\"><img decoding=\"async\" width=\"877\" height=\"1024\" src=\"https:\/\/vandeveldebeton.be\/wp-content\/uploads\/2023\/12\/CORE-EDGE-Postmailing_Van-de-Velde-Beton_NL-4-877x1024.jpg\" class=\"attachment-large size-large\" alt=\"\" loading=\"lazy\" srcset=\"https:\/\/vandeveldebeton.be\/wp-content\/uploads\/2023\/12\/CORE-EDGE-Postmailing_Van-de-Velde-Beton_NL-4-877x1024.jpg 877w, https:\/\/vandeveldebeton.be\/wp-content\/uploads\/2023\/12\/CORE-EDGE-Postmailing_Van-de-Velde-Beton_NL-4-257x300.jpg 257w, https:\/\/vandeveldebeton.be\/wp-content\/uploads\/2023\/12\/CORE-EDGE-Postmailing_Van-de-Velde-Beton_NL-4.jpg 925w\" sizes=\"auto, (max-width: 877px) 100vw, 877px\" \/><\/div><\/div><\/div><\/div><\/div><\/div><\/div><\/section><section class=\"l-section wpb_row height_auto\"><div class=\"l-section-h i-cf\"><div class=\"g-cols vc_row via_flex valign_middle type_default stacking_default\"><div class=\"vc_col-sm-8 wpb_column vc_column_container\"><div class=\"vc_column-inner\"><div class=\"wpb_wrapper\"><div class=\"w-grid us_grid type_grid layout_612 cols_3 preload_style_spinner ratio_1x1\" id=\"us_grid_1\" style=\"--columns:3;--gap:1.5rem;--item-ratio:1;\" data-filterable=\"true\"><style>@media (max-width:1024px){#us_grid_1{--columns:2!important}}@media (max-width:768px){#us_grid_1{--columns:1!important}}.layout_612 .w-grid-item-h{}.layout_612 .usg_vwrapper_1{transition-duration:0.3s;transform-origin:50% 50%;transform:scale(1.5) translate(0%,0%);opacity:0}.layout_612 .w-grid-item-h:focus-within .usg_vwrapper_1,.layout_612 .w-grid-item-h:hover .usg_vwrapper_1{transform:scale(1) translate(0%,0%);opacity:1;background:rgba(26,26,26,0.80)!important}.layout_612 .usg_vwrapper_1{position:absolute!important;left:0!important;top:0!important;bottom:0!important;right:0!important;padding:2rem!important}.layout_612 .usg_post_image_2{position:absolute!important;left:0!important;top:0!important;bottom:0!important;right:0!important}.layout_612 .usg_post_title_2{color:#ffffff!important;font-size:1.4rem!important}<\/style><div class=\"w-grid-list\">\t<article class=\"w-grid-item size_1x1 post-3849 attachment type-attachment status-inherit hentry\" data-id=\"3849\">\r\n\t\t<div class=\"w-grid-item-h\">\r\n\t\t\t\t\t\t\t<a ref=\"magnificPopupGrid\" href=\"https:\/\/vandeveldebeton.be\/wp-content\/uploads\/2023\/12\/CORE-EDGE-Postmailing_Van-de-Velde-Beton_NL-10.jpg\" class=\"w-grid-item-anchor\" aria-label=\"CORE-EDGE\"><\/a>\r\n\t\t\t\t\t\t<div class=\"w-post-elm post_image usg_post_image_2 has_ratio\"><img loading=\"lazy\" decoding=\"async\" width=\"643\" height=\"715\" src=\"https:\/\/vandeveldebeton.be\/wp-content\/uploads\/2023\/12\/CORE-EDGE-Postmailing_Van-de-Velde-Beton_NL-10.jpg\" class=\"attachment-large size-large\" alt=\"CORE-EDGE\" \/><div style=\"padding-bottom:100%\"><\/div><\/div><div class=\"w-vwrapper usg_vwrapper_1 align_center valign_middle\"><p class=\"w-post-elm post_title usg_post_title_2 has_text_color entry-title color_link_inherit\">CORE-EDGE<\/p><\/div>\t\t<\/div>\r\n\t\t\t<\/article>\r\n\t<article class=\"w-grid-item size_1x1 post-3847 attachment type-attachment status-inherit hentry\" data-id=\"3847\">\r\n\t\t<div class=\"w-grid-item-h\">\r\n\t\t\t\t\t\t\t<a ref=\"magnificPopupGrid\" href=\"https:\/\/vandeveldebeton.be\/wp-content\/uploads\/2023\/12\/CORE-EDGE-Postmailing_Van-de-Velde-Beton_NL-9.jpg\" class=\"w-grid-item-anchor\" aria-label=\"CORE-EDGE\"><\/a>\r\n\t\t\t\t\t\t<div class=\"w-post-elm post_image usg_post_image_2 has_ratio\"><img loading=\"lazy\" decoding=\"async\" width=\"827\" height=\"1024\" src=\"https:\/\/vandeveldebeton.be\/wp-content\/uploads\/2023\/12\/CORE-EDGE-Postmailing_Van-de-Velde-Beton_NL-9-827x1024.jpg\" class=\"attachment-large size-large\" alt=\"CORE-EDGE\" \/><div style=\"padding-bottom:100%\"><\/div><\/div><div class=\"w-vwrapper usg_vwrapper_1 align_center valign_middle\"><p class=\"w-post-elm post_title usg_post_title_2 has_text_color entry-title color_link_inherit\">CORE-EDGE<\/p><\/div>\t\t<\/div>\r\n\t\t\t<\/article>\r\n\t<article class=\"w-grid-item size_1x1 post-3845 attachment type-attachment status-inherit hentry\" data-id=\"3845\">\r\n\t\t<div class=\"w-grid-item-h\">\r\n\t\t\t\t\t\t\t<a ref=\"magnificPopupGrid\" href=\"https:\/\/vandeveldebeton.be\/wp-content\/uploads\/2023\/12\/CORE-EDGE-Postmailing_Van-de-Velde-Beton_NL-8.jpg\" class=\"w-grid-item-anchor\" aria-label=\"CORE-EDGE\"><\/a>\r\n\t\t\t\t\t\t<div class=\"w-post-elm post_image usg_post_image_2 has_ratio\"><img loading=\"lazy\" decoding=\"async\" width=\"660\" height=\"833\" src=\"https:\/\/vandeveldebeton.be\/wp-content\/uploads\/2023\/12\/CORE-EDGE-Postmailing_Van-de-Velde-Beton_NL-8.jpg\" class=\"attachment-large size-large\" alt=\"CORE-EDGE\" \/><div style=\"padding-bottom:100%\"><\/div><\/div><div class=\"w-vwrapper usg_vwrapper_1 align_center valign_middle\"><p class=\"w-post-elm post_title usg_post_title_2 has_text_color entry-title color_link_inherit\">CORE-EDGE<\/p><\/div>\t\t<\/div>\r\n\t\t\t<\/article>\r\n\t<article class=\"w-grid-item size_1x1 post-3835 attachment type-attachment status-inherit hentry\" data-id=\"3835\">\r\n\t\t<div class=\"w-grid-item-h\">\r\n\t\t\t\t\t\t\t<a ref=\"magnificPopupGrid\" href=\"https:\/\/vandeveldebeton.be\/wp-content\/uploads\/2023\/12\/CORE-EDGE-Postmailing_Van-de-Velde-Beton_NL-3.jpg\" class=\"w-grid-item-anchor\" aria-label=\"CORE-EDGE\"><\/a>\r\n\t\t\t\t\t\t<div class=\"w-post-elm post_image usg_post_image_2 has_ratio\"><img loading=\"lazy\" decoding=\"async\" width=\"1024\" height=\"899\" src=\"https:\/\/vandeveldebeton.be\/wp-content\/uploads\/2023\/12\/CORE-EDGE-Postmailing_Van-de-Velde-Beton_NL-3-1024x899.jpg\" class=\"attachment-large size-large\" alt=\"CORE-EDGE\" \/><div style=\"padding-bottom:100%\"><\/div><\/div><div class=\"w-vwrapper usg_vwrapper_1 align_center valign_middle\"><p class=\"w-post-elm post_title usg_post_title_2 has_text_color entry-title color_link_inherit\">CORE-EDGE<\/p><\/div>\t\t<\/div>\r\n\t\t\t<\/article>\r\n\t<article class=\"w-grid-item size_1x1 post-3833 attachment type-attachment status-inherit hentry\" data-id=\"3833\">\r\n\t\t<div class=\"w-grid-item-h\">\r\n\t\t\t\t\t\t\t<a ref=\"magnificPopupGrid\" href=\"https:\/\/vandeveldebeton.be\/wp-content\/uploads\/2023\/12\/CORE-EDGE-Postmailing_Van-de-Velde-Beton_NL-2.jpg\" class=\"w-grid-item-anchor\" aria-label=\"CORE-EDGE\"><\/a>\r\n\t\t\t\t\t\t<div class=\"w-post-elm post_image usg_post_image_2 has_ratio\"><img loading=\"lazy\" decoding=\"async\" width=\"882\" height=\"1024\" src=\"https:\/\/vandeveldebeton.be\/wp-content\/uploads\/2023\/12\/CORE-EDGE-Postmailing_Van-de-Velde-Beton_NL-2-882x1024.jpg\" class=\"attachment-large size-large\" alt=\"CORE-EDGE\" \/><div style=\"padding-bottom:100%\"><\/div><\/div><div class=\"w-vwrapper usg_vwrapper_1 align_center valign_middle\"><p class=\"w-post-elm post_title usg_post_title_2 has_text_color entry-title color_link_inherit\">CORE-EDGE<\/p><\/div>\t\t<\/div>\r\n\t\t\t<\/article>\r\n\t<article class=\"w-grid-item size_1x1 post-3831 attachment type-attachment status-inherit hentry\" data-id=\"3831\">\r\n\t\t<div class=\"w-grid-item-h\">\r\n\t\t\t\t\t\t\t<a ref=\"magnificPopupGrid\" href=\"https:\/\/vandeveldebeton.be\/wp-content\/uploads\/2023\/12\/CORE-EDGE-Postmailing_Van-de-Velde-Beton_NL-1.jpg\" class=\"w-grid-item-anchor\" aria-label=\"CORE-EDGE\"><\/a>\r\n\t\t\t\t\t\t<div class=\"w-post-elm post_image usg_post_image_2 has_ratio\"><img loading=\"lazy\" decoding=\"async\" width=\"704\" height=\"1024\" src=\"https:\/\/vandeveldebeton.be\/wp-content\/uploads\/2023\/12\/CORE-EDGE-Postmailing_Van-de-Velde-Beton_NL-1-704x1024.jpg\" class=\"attachment-large size-large\" alt=\"CORE-EDGE\" \/><div style=\"padding-bottom:100%\"><\/div><\/div><div class=\"w-vwrapper usg_vwrapper_1 align_center valign_middle\"><p class=\"w-post-elm post_title usg_post_title_2 has_text_color entry-title color_link_inherit\">CORE-EDGE<\/p><\/div>\t\t<\/div>\r\n\t\t\t<\/article>\r\n<\/div>\t<div class=\"w-grid-preloader\">\r\n\t\t<div class=\"g-preloader type_1\">\r\n\t\t\t<div><\/div>\r\n\t\t<\/div>\r\n\t<\/div>\r\n\t\t<div class=\"w-grid-json hidden\" onclick='return {&quot;action&quot;:&quot;us_ajax_grid&quot;,&quot;infinite_scroll&quot;:0,&quot;max_num_pages&quot;:1,&quot;pagination&quot;:&quot;none&quot;,&quot;template_vars&quot;:{&quot;columns&quot;:&quot;3&quot;,&quot;exclude_items&quot;:&quot;none&quot;,&quot;img_size&quot;:&quot;default&quot;,&quot;ignore_items_size&quot;:0,&quot;items_layout&quot;:&quot;612&quot;,&quot;items_offset&quot;:&quot;1&quot;,&quot;load_animation&quot;:&quot;none&quot;,&quot;overriding_link&quot;:&quot;%7B%22type%22%3A%22popup_image%22%7D&quot;,&quot;post_id&quot;:0,&quot;query_args&quot;:{&quot;post_type&quot;:[&quot;attachment&quot;],&quot;post__in&quot;:[&quot;3848&quot;,&quot;3846&quot;,&quot;3844&quot;,&quot;3834&quot;,&quot;3832&quot;,&quot;3830&quot;],&quot;post_status&quot;:&quot;inherit&quot;,&quot;post_mime_type&quot;:&quot;image&quot;,&quot;posts_per_page&quot;:999},&quot;orderby_query_args&quot;:{&quot;orderby&quot;:{&quot;date&quot;:&quot;DESC&quot;}},&quot;type&quot;:&quot;grid&quot;,&quot;us_grid_post_type&quot;:&quot;attachment&quot;,&quot;us_grid_ajax_index&quot;:1,&quot;us_grid_filter_query_string&quot;:null,&quot;us_grid_index&quot;:1,&quot;page_args&quot;:[],&quot;lang&quot;:&quot;fr&quot;}}'><\/div>\r\n\t<\/div><\/div><\/div><\/div><div class=\"vc_col-sm-4 wpb_column vc_column_container has_bg_color\"><div class=\"vc_column-inner us_custom_19dba573\"><div class=\"wpb_wrapper\"><div class=\"wpb_text_column\"><div class=\"wpb_wrapper\"><p><strong>Les avantages de ces bordures sont :<\/strong><\/p>\n<ul>\n<li>acier solide et flexible,<\/li>\n<li>peut \u00eatre utilis\u00e9 dans les lignes droites, ainsi que dans les formes courbes ou les coins,<\/li>\n<li>r\u00e9sistant aux intemp\u00e9ries,<\/li>\n<li>facile \u00e0 installer sans outils sp\u00e9ciaux,<\/li>\n<li>la double fixation assure une connexion s\u00e9curis\u00e9e entre les deux bordures,<\/li>\n<li>r\u00e9siste aux tondeuses autoport\u00e9es et aux tondeuses \u00e0 gazon.<\/li>\n<\/ul>\n<\/div><\/div><\/div><\/div><\/div><\/div><\/div><\/section><section class=\"l-section wpb_row height_medium\"><div class=\"l-section-h i-cf\"><div class=\"g-cols vc_row via_flex valign_top type_default stacking_default\"><div class=\"vc_col-sm-6 wpb_column vc_column_container\"><div class=\"vc_column-inner\"><div class=\"wpb_wrapper\"><div class=\"wpb_text_column\"><div class=\"wpb_wrapper\"><h2>Bordures Ecco Border Flex<\/h2>\n<p>Ces bordures en PVC que nous proposons sont flexibles et peuvent \u00eatre facilement install\u00e9es sans avoir besoin d&#8217;outils sp\u00e9ciaux. Elles peuvent \u00eatre plac\u00e9es selon des lignes droites ou des formes courbes et peuvent \u00eatre pli\u00e9es sur place pour s&#8217;adapter aux coins. Deux couleurs sont disponibles, \u00e0 savoir le gris et le noir.<\/p>\n<ul>\n<li>Id\u00e9al pour les bordures \u00e9troites ou les bordures aux formes organiques<\/li>\n<li>Disponible en 2 couleurs<\/li>\n<li>Fabriqu\u00e9 en PVC recycl\u00e9 et 100 % recyclable<\/li>\n<li>Peut \u00eatre install\u00e9 avec un bord de finition arrondi ou plat sur le dessus<\/li>\n<li>Excellent rapport qualit\u00e9-prix<\/li>\n<li>Fixation au moyen de l&#8217;ancrage Multi Profile<\/li>\n<li>Alternative \u00e9conomique aux bordures en bois ou en m\u00e9tal<\/li>\n<\/ul>\n<\/div><\/div><\/div><\/div><\/div><div class=\"vc_col-sm-6 wpb_column vc_column_container\"><div class=\"vc_column-inner\"><div class=\"wpb_wrapper\"><div class=\"w-image align_center\"><div class=\"w-image-h\"><img decoding=\"async\" width=\"1024\" height=\"656\" src=\"https:\/\/vandeveldebeton.be\/wp-content\/uploads\/2023\/12\/ECCO-Border-Flex_BLACK-GREY_P01-1024x656.jpg\" class=\"attachment-large size-large\" alt=\"\" loading=\"lazy\" srcset=\"https:\/\/vandeveldebeton.be\/wp-content\/uploads\/2023\/12\/ECCO-Border-Flex_BLACK-GREY_P01-1024x656.jpg 1024w, https:\/\/vandeveldebeton.be\/wp-content\/uploads\/2023\/12\/ECCO-Border-Flex_BLACK-GREY_P01-300x192.jpg 300w\" sizes=\"auto, (max-width: 1024px) 100vw, 1024px\" \/><\/div><\/div><\/div><\/div><\/div><\/div><\/div><\/section><section class=\"l-section wpb_row height_medium\"><div class=\"l-section-h i-cf\"><div class=\"g-cols vc_row via_flex valign_top type_default stacking_default\"><div class=\"vc_col-sm-12 wpb_column vc_column_container\"><div class=\"vc_column-inner\"><div class=\"wpb_wrapper\"><div class=\"wpb_text_column\"><div class=\"wpb_wrapper\"><h2>Vous souhaitez en savoir plus sur les bordures de jardin de ECCO products ?<\/h2>\n<p>Savoir plus? Visitez <a href=\"https:\/\/vandeveldebeton.be\/fr\/contact\/\">notre showroom<\/a> ou prend <a href=\"https:\/\/vandeveldebeton.be\/fr\/contact\/\">contact<\/a> avec nous.<\/p>\n<\/div><\/div><\/div><\/div><\/div><\/div><\/div><\/section>\n","protected":false},"excerpt":{"rendered":"","protected":false},"author":1,"featured_media":3833,"parent":2450,"menu_order":2,"comment_status":"closed","ping_status":"closed","template":"","meta":{"_acf_changed":false,"footnotes":""},"class_list":["post-3883","page","type-page","status-publish","has-post-thumbnail","hentry"],"acf":[],"yoast_head":"<!-- This site is optimized with the Yoast SEO plugin v26.6 - https:\/\/yoast.com\/wordpress\/plugins\/seo\/ -->\n<title>Bordures de jardin ECCO - Van de Velde Beton<\/title>\n<meta name=\"description\" content=\"D\u00e9couvrez notre gamme de bordures de jardin \u00e0 des prix int\u00e9ressants. Achetez des bordures de la marque ECCO chez Van de Velde Beton \u00e0 Mazenzele \u2013 Opwijk.\" \/>\n<meta name=\"robots\" content=\"index, follow, max-snippet:-1, max-image-preview:large, max-video-preview:-1\" \/>\n<link rel=\"canonical\" href=\"https:\/\/vandeveldebeton.be\/fr\/produits\/finition\/bordures-de-jardin-ecco\/\" \/>\n<meta property=\"og:locale\" content=\"fr_FR\" \/>\n<meta property=\"og:type\" content=\"article\" \/>\n<meta property=\"og:title\" content=\"Bordures de jardin ECCO - Van de Velde Beton\" \/>\n<meta property=\"og:description\" content=\"D\u00e9couvrez notre gamme de bordures de jardin \u00e0 des prix int\u00e9ressants. Achetez des bordures de la marque ECCO chez Van de Velde Beton \u00e0 Mazenzele \u2013 Opwijk.\" \/>\n<meta property=\"og:url\" content=\"https:\/\/vandeveldebeton.be\/fr\/produits\/finition\/bordures-de-jardin-ecco\/\" \/>\n<meta property=\"og:site_name\" content=\"Van de Velde Beton\" \/>\n<meta property=\"article:modified_time\" content=\"2024-06-05T12:35:06+00:00\" \/>\n<meta property=\"og:image\" content=\"https:\/\/vandeveldebeton.be\/wp-content\/uploads\/2023\/12\/CORE-EDGE-Postmailing_Van-de-Velde-Beton_NL-2.jpg\" \/>\n\t<meta property=\"og:image:width\" content=\"1550\" \/>\n\t<meta property=\"og:image:height\" content=\"1799\" \/>\n\t<meta property=\"og:image:type\" content=\"image\/jpeg\" \/>\n<meta name=\"twitter:card\" content=\"summary_large_image\" \/>\n<meta name=\"twitter:label1\" content=\"Dur\u00e9e de lecture est.\" \/>\n\t<meta name=\"twitter:data1\" content=\"4 minutes\" \/>\n<script type=\"application\/ld+json\" class=\"yoast-schema-graph\">{\"@context\":\"https:\/\/schema.org\",\"@graph\":[{\"@type\":\"WebPage\",\"@id\":\"https:\/\/vandeveldebeton.be\/fr\/produits\/finition\/bordures-de-jardin-ecco\/\",\"url\":\"https:\/\/vandeveldebeton.be\/fr\/produits\/finition\/bordures-de-jardin-ecco\/\",\"name\":\"Bordures de jardin ECCO - Van de Velde Beton\",\"isPartOf\":{\"@id\":\"https:\/\/vandeveldebeton.be\/fr\/#website\"},\"primaryImageOfPage\":{\"@id\":\"https:\/\/vandeveldebeton.be\/fr\/produits\/finition\/bordures-de-jardin-ecco\/#primaryimage\"},\"image\":{\"@id\":\"https:\/\/vandeveldebeton.be\/fr\/produits\/finition\/bordures-de-jardin-ecco\/#primaryimage\"},\"thumbnailUrl\":\"https:\/\/vandeveldebeton.be\/wp-content\/uploads\/2023\/12\/CORE-EDGE-Postmailing_Van-de-Velde-Beton_NL-2.jpg\",\"datePublished\":\"2023-12-11T10:44:16+00:00\",\"dateModified\":\"2024-06-05T12:35:06+00:00\",\"description\":\"D\u00e9couvrez notre gamme de bordures de jardin \u00e0 des prix int\u00e9ressants. Achetez des bordures de la marque ECCO chez Van de Velde Beton \u00e0 Mazenzele \u2013 Opwijk.\",\"breadcrumb\":{\"@id\":\"https:\/\/vandeveldebeton.be\/fr\/produits\/finition\/bordures-de-jardin-ecco\/#breadcrumb\"},\"inLanguage\":\"fr-BE\",\"potentialAction\":[{\"@type\":\"ReadAction\",\"target\":[\"https:\/\/vandeveldebeton.be\/fr\/produits\/finition\/bordures-de-jardin-ecco\/\"]}]},{\"@type\":\"ImageObject\",\"inLanguage\":\"fr-BE\",\"@id\":\"https:\/\/vandeveldebeton.be\/fr\/produits\/finition\/bordures-de-jardin-ecco\/#primaryimage\",\"url\":\"https:\/\/vandeveldebeton.be\/wp-content\/uploads\/2023\/12\/CORE-EDGE-Postmailing_Van-de-Velde-Beton_NL-2.jpg\",\"contentUrl\":\"https:\/\/vandeveldebeton.be\/wp-content\/uploads\/2023\/12\/CORE-EDGE-Postmailing_Van-de-Velde-Beton_NL-2.jpg\",\"width\":1550,\"height\":1799,\"caption\":\"CORE-EDGE\"},{\"@type\":\"BreadcrumbList\",\"@id\":\"https:\/\/vandeveldebeton.be\/fr\/produits\/finition\/bordures-de-jardin-ecco\/#breadcrumb\",\"itemListElement\":[{\"@type\":\"ListItem\",\"position\":1,\"name\":\"Home\",\"item\":\"https:\/\/vandeveldebeton.be\/fr\/\"},{\"@type\":\"ListItem\",\"position\":2,\"name\":\"Produits\",\"item\":\"https:\/\/vandeveldebeton.be\/fr\/produits\/\"},{\"@type\":\"ListItem\",\"position\":3,\"name\":\"Finition\",\"item\":\"https:\/\/vandeveldebeton.be\/fr\/produits\/finition\/\"},{\"@type\":\"ListItem\",\"position\":4,\"name\":\"Bordures de jardin ECCO\"}]},{\"@type\":\"WebSite\",\"@id\":\"https:\/\/vandeveldebeton.be\/fr\/#website\",\"url\":\"https:\/\/vandeveldebeton.be\/fr\/\",\"name\":\"Van de Velde Beton\",\"description\":\"\",\"potentialAction\":[{\"@type\":\"SearchAction\",\"target\":{\"@type\":\"EntryPoint\",\"urlTemplate\":\"https:\/\/vandeveldebeton.be\/fr\/?s={search_term_string}\"},\"query-input\":{\"@type\":\"PropertyValueSpecification\",\"valueRequired\":true,\"valueName\":\"search_term_string\"}}],\"inLanguage\":\"fr-BE\"}]}<\/script>\n<!-- \/ Yoast SEO plugin. -->","yoast_head_json":{"title":"Bordures de jardin ECCO - Van de Velde Beton","description":"D\u00e9couvrez notre gamme de bordures de jardin \u00e0 des prix int\u00e9ressants. Achetez des bordures de la marque ECCO chez Van de Velde Beton \u00e0 Mazenzele \u2013 Opwijk.","robots":{"index":"index","follow":"follow","max-snippet":"max-snippet:-1","max-image-preview":"max-image-preview:large","max-video-preview":"max-video-preview:-1"},"canonical":"https:\/\/vandeveldebeton.be\/fr\/produits\/finition\/bordures-de-jardin-ecco\/","og_locale":"fr_FR","og_type":"article","og_title":"Bordures de jardin ECCO - Van de Velde Beton","og_description":"D\u00e9couvrez notre gamme de bordures de jardin \u00e0 des prix int\u00e9ressants. Achetez des bordures de la marque ECCO chez Van de Velde Beton \u00e0 Mazenzele \u2013 Opwijk.","og_url":"https:\/\/vandeveldebeton.be\/fr\/produits\/finition\/bordures-de-jardin-ecco\/","og_site_name":"Van de Velde Beton","article_modified_time":"2024-06-05T12:35:06+00:00","og_image":[{"width":1550,"height":1799,"url":"https:\/\/vandeveldebeton.be\/wp-content\/uploads\/2023\/12\/CORE-EDGE-Postmailing_Van-de-Velde-Beton_NL-2.jpg","type":"image\/jpeg"}],"twitter_card":"summary_large_image","twitter_misc":{"Dur\u00e9e de lecture est.":"4 minutes"},"schema":{"@context":"https:\/\/schema.org","@graph":[{"@type":"WebPage","@id":"https:\/\/vandeveldebeton.be\/fr\/produits\/finition\/bordures-de-jardin-ecco\/","url":"https:\/\/vandeveldebeton.be\/fr\/produits\/finition\/bordures-de-jardin-ecco\/","name":"Bordures de jardin ECCO - Van de Velde Beton","isPartOf":{"@id":"https:\/\/vandeveldebeton.be\/fr\/#website"},"primaryImageOfPage":{"@id":"https:\/\/vandeveldebeton.be\/fr\/produits\/finition\/bordures-de-jardin-ecco\/#primaryimage"},"image":{"@id":"https:\/\/vandeveldebeton.be\/fr\/produits\/finition\/bordures-de-jardin-ecco\/#primaryimage"},"thumbnailUrl":"https:\/\/vandeveldebeton.be\/wp-content\/uploads\/2023\/12\/CORE-EDGE-Postmailing_Van-de-Velde-Beton_NL-2.jpg","datePublished":"2023-12-11T10:44:16+00:00","dateModified":"2024-06-05T12:35:06+00:00","description":"D\u00e9couvrez notre gamme de bordures de jardin \u00e0 des prix int\u00e9ressants. Achetez des bordures de la marque ECCO chez Van de Velde Beton \u00e0 Mazenzele \u2013 Opwijk.","breadcrumb":{"@id":"https:\/\/vandeveldebeton.be\/fr\/produits\/finition\/bordures-de-jardin-ecco\/#breadcrumb"},"inLanguage":"fr-BE","potentialAction":[{"@type":"ReadAction","target":["https:\/\/vandeveldebeton.be\/fr\/produits\/finition\/bordures-de-jardin-ecco\/"]}]},{"@type":"ImageObject","inLanguage":"fr-BE","@id":"https:\/\/vandeveldebeton.be\/fr\/produits\/finition\/bordures-de-jardin-ecco\/#primaryimage","url":"https:\/\/vandeveldebeton.be\/wp-content\/uploads\/2023\/12\/CORE-EDGE-Postmailing_Van-de-Velde-Beton_NL-2.jpg","contentUrl":"https:\/\/vandeveldebeton.be\/wp-content\/uploads\/2023\/12\/CORE-EDGE-Postmailing_Van-de-Velde-Beton_NL-2.jpg","width":1550,"height":1799,"caption":"CORE-EDGE"},{"@type":"BreadcrumbList","@id":"https:\/\/vandeveldebeton.be\/fr\/produits\/finition\/bordures-de-jardin-ecco\/#breadcrumb","itemListElement":[{"@type":"ListItem","position":1,"name":"Home","item":"https:\/\/vandeveldebeton.be\/fr\/"},{"@type":"ListItem","position":2,"name":"Produits","item":"https:\/\/vandeveldebeton.be\/fr\/produits\/"},{"@type":"ListItem","position":3,"name":"Finition","item":"https:\/\/vandeveldebeton.be\/fr\/produits\/finition\/"},{"@type":"ListItem","position":4,"name":"Bordures de jardin ECCO"}]},{"@type":"WebSite","@id":"https:\/\/vandeveldebeton.be\/fr\/#website","url":"https:\/\/vandeveldebeton.be\/fr\/","name":"Van de Velde Beton","description":"","potentialAction":[{"@type":"SearchAction","target":{"@type":"EntryPoint","urlTemplate":"https:\/\/vandeveldebeton.be\/fr\/?s={search_term_string}"},"query-input":{"@type":"PropertyValueSpecification","valueRequired":true,"valueName":"search_term_string"}}],"inLanguage":"fr-BE"}]}},"_links":{"self":[{"href":"https:\/\/vandeveldebeton.be\/fr\/wp-json\/wp\/v2\/pages\/3883","targetHints":{"allow":["GET"]}}],"collection":[{"href":"https:\/\/vandeveldebeton.be\/fr\/wp-json\/wp\/v2\/pages"}],"about":[{"href":"https:\/\/vandeveldebeton.be\/fr\/wp-json\/wp\/v2\/types\/page"}],"author":[{"embeddable":true,"href":"https:\/\/vandeveldebeton.be\/fr\/wp-json\/wp\/v2\/users\/1"}],"replies":[{"embeddable":true,"href":"https:\/\/vandeveldebeton.be\/fr\/wp-json\/wp\/v2\/comments?post=3883"}],"version-history":[{"count":5,"href":"https:\/\/vandeveldebeton.be\/fr\/wp-json\/wp\/v2\/pages\/3883\/revisions"}],"predecessor-version":[{"id":4607,"href":"https:\/\/vandeveldebeton.be\/fr\/wp-json\/wp\/v2\/pages\/3883\/revisions\/4607"}],"up":[{"embeddable":true,"href":"https:\/\/vandeveldebeton.be\/fr\/wp-json\/wp\/v2\/pages\/2450"}],"wp:featuredmedia":[{"embeddable":true,"href":"https:\/\/vandeveldebeton.be\/fr\/wp-json\/wp\/v2\/media\/3833"}],"wp:attachment":[{"href":"https:\/\/vandeveldebeton.be\/fr\/wp-json\/wp\/v2\/media?parent=3883"}],"curies":[{"name":"wp","href":"https:\/\/api.w.org\/{rel}","templated":true}]}}