{"id":2508,"date":"2021-09-21T12:15:39","date_gmt":"2021-09-21T12:15:39","guid":{"rendered":"https:\/\/vandeveldebeton.be\/?page_id=2508"},"modified":"2024-06-05T13:36:48","modified_gmt":"2024-06-05T12:36:48","slug":"mur-de-soutenement","status":"publish","type":"page","link":"https:\/\/vandeveldebeton.be\/fr\/produits\/mur-de-soutenement\/","title":{"rendered":"Mur de sout\u00e8nement"},"content":{"rendered":"<section class=\"l-section wpb_row coverrow height_auto with_img\"><div class=\"l-section-img\" role=\"img\" aria-label=\"Image\" data-img-width=\"960\" data-img-height=\"640\" style=\"background-image: url(https:\/\/vandeveldebeton.be\/wp-content\/uploads\/2021\/06\/Beton_BG.jpg);\"><\/div><div class=\"l-section-h i-cf\"><div class=\"g-cols vc_row via_flex valign_middle type_default stacking_default\"><div class=\"vc_col-sm-6 wpb_column vc_column_container\"><div class=\"vc_column-inner\"><div class=\"wpb_wrapper\"><div class=\"wpb_text_column\"><div class=\"wpb_wrapper\"><h1>Mur de sout\u00e8nement<\/h1>\n<\/div><\/div><div class=\"wpb_text_column\"><div class=\"wpb_wrapper\"><p>Un mur de sout\u00e8nement est une construction qui garantit que la diff\u00e9rence de niveau du sol est absorb\u00e9e des deux c\u00f4t\u00e9s. En tant que barri\u00e8re de sol, vous pouvez choisir diff\u00e9rentes options \u2026<\/p>\n<\/div><\/div><div class=\"w-btn-wrapper align_none\"><a class=\"w-btn us-btn-style_1\" title=\"Contact\" href=\"https:\/\/vandeveldebeton.be\/fr\/contact\/\"><span class=\"w-btn-label\">Contactez-nous<\/span><\/a><\/div><\/div><\/div><\/div><div class=\"vc_col-sm-6 wpb_column vc_column_container has_bg_color stretched\"><div class=\"vc_column-inner us_custom_aa68e5f6\"><div class=\"wpb_wrapper\"><\/div><\/div><\/div><\/div><\/div><\/section><section class=\"l-section wpb_row us_custom_d2199d32 height_auto\"><div class=\"l-section-h i-cf\"><div class=\"g-cols vc_row via_flex valign_top type_default stacking_default\"><div class=\"vc_col-sm-12 wpb_column vc_column_container\"><div class=\"vc_column-inner\"><div class=\"wpb_wrapper\">[vc_raw_html el_class=&#8221;breadcrumbs&#8221;]JTVCd3BzZW9fYnJlYWRjcnVtYiU1RCUwQQ==[\/vc_raw_html]<\/div><\/div><\/div><\/div><\/div><\/section><section class=\"l-section wpb_row height_auto\"><div class=\"l-section-h i-cf\"><div class=\"g-cols vc_row via_flex valign_top type_default stacking_default\"><div class=\"vc_col-sm-12 wpb_column vc_column_container\"><div class=\"vc_column-inner\"><div class=\"wpb_wrapper\"><div class=\"w-separator size_large\"><\/div><div class=\"wpb_text_column\"><div class=\"wpb_wrapper\"><h2>Produits<\/h2>\n<\/div><\/div><div class=\"w-separator size_small\"><\/div><div class=\"w-grid us_grid type_grid layout_110 cols_3 overflow_hidden preload_style_spinner\" id=\"us_grid_1\" style=\"--columns:3;--gap:1.5rem;\"><style>@media (max-width:1024px){#us_grid_1{--columns:2!important}}@media (max-width:768px){#us_grid_1{--columns:1!important}}.layout_110 .w-grid-item-h{background:#EBEBEB}.layout_110 .usg_post_image_1{transition-duration:0.3s;transform-origin:50% 50%;transform:scale(1) translate(0%,0%)}.layout_110 .w-grid-item-h:focus-within .usg_post_image_1,.layout_110 .w-grid-item-h:hover .usg_post_image_1{transform:scale(1) translate(0%,0%);opacity:0.8;background:#EBEBEB!important}.layout_110 .usg_post_image_1{position:static!important}.layout_110 .usg_post_title_2{padding-top:50px!important;padding-bottom:50px!important;position:static!important}<\/style><div class=\"w-grid-list\">\t<article class=\"w-grid-item size_1x1 post-2513 page type-page status-publish has-post-thumbnail hentry\" data-id=\"2513\">\r\n\t\t<div class=\"w-grid-item-h\">\r\n\t\t\t\t\t\t\t<a href=\"https:\/\/vandeveldebeton.be\/fr\/produits\/mur-de-soutenement\/elements-l-armes\/\" class=\"w-grid-item-anchor\" aria-label=\"El\u00e9ments L arm\u00e9s\"><\/a>\r\n\t\t\t\t\t\t<div class=\"w-post-elm post_image usg_post_image_1 has_ratio\"><img loading=\"lazy\" decoding=\"async\" width=\"1024\" height=\"791\" src=\"https:\/\/vandeveldebeton.be\/wp-content\/uploads\/2021\/08\/Gewapenden-L-elementen-2-1024x791.jpeg\" class=\"attachment-large size-large wp-post-image\" alt=\"L-elementen tuin * Elements L\" \/><div style=\"padding-bottom:72.4074%\"><\/div><\/div><h5 class=\"w-post-elm post_title usg_post_title_2 align_center entry-title color_link_inherit\">El\u00e9ments L arm\u00e9s<\/h5>\t\t<\/div>\r\n\t\t\t<\/article>\r\n\t<article class=\"w-grid-item size_1x1 post-2515 page type-page status-publish has-post-thumbnail hentry\" data-id=\"2515\">\r\n\t\t<div class=\"w-grid-item-h\">\r\n\t\t\t\t\t\t\t<a href=\"https:\/\/vandeveldebeton.be\/fr\/produits\/mur-de-soutenement\/elements-l-non-armes\/\" class=\"w-grid-item-anchor\" aria-label=\"El\u00e9ments L non arm\u00e9s\"><\/a>\r\n\t\t\t\t\t\t<div class=\"w-post-elm post_image usg_post_image_1 has_ratio\"><img loading=\"lazy\" decoding=\"async\" width=\"682\" height=\"1024\" src=\"https:\/\/vandeveldebeton.be\/wp-content\/uploads\/2021\/08\/Mini-L-element-2-e1535456021111-682x1024.jpeg\" class=\"attachment-large size-large wp-post-image\" alt=\"Betonnen Mini L-element * El\u00e9ment L mini\" \/><div style=\"padding-bottom:72.4074%\"><\/div><\/div><h5 class=\"w-post-elm post_title usg_post_title_2 align_center entry-title color_link_inherit\">El\u00e9ments L non arm\u00e9s<\/h5>\t\t<\/div>\r\n\t\t\t<\/article>\r\n\t<article class=\"w-grid-item size_1x1 post-2456 page type-page status-publish has-post-thumbnail hentry\" data-id=\"2456\">\r\n\t\t<div class=\"w-grid-item-h\">\r\n\t\t\t\t\t\t\t<a href=\"https:\/\/vandeveldebeton.be\/fr\/produits\/finition\/mobilier-urbain-et-bac-a-fleurs\/elements-u-non-renforces\/\" class=\"w-grid-item-anchor\" aria-label=\"\u00c9l\u00e9ments U non renforc\u00e9s\"><\/a>\r\n\t\t\t\t\t\t<div class=\"w-post-elm post_image usg_post_image_1 has_ratio\"><img loading=\"lazy\" decoding=\"async\" width=\"800\" height=\"590\" src=\"https:\/\/vandeveldebeton.be\/wp-content\/uploads\/2021\/08\/U-element-1-e1535457558664.jpeg\" class=\"attachment-large size-large wp-post-image\" alt=\"\" \/><div style=\"padding-bottom:72.4074%\"><\/div><\/div><h5 class=\"w-post-elm post_title usg_post_title_2 align_center entry-title color_link_inherit\">\u00c9l\u00e9ments U non renforc\u00e9s<\/h5>\t\t<\/div>\r\n\t\t\t<\/article>\r\n\t<article class=\"w-grid-item size_1x1 post-2517 page type-page status-publish has-post-thumbnail hentry\" data-id=\"2517\">\r\n\t\t<div class=\"w-grid-item-h\">\r\n\t\t\t\t\t\t\t<a href=\"https:\/\/vandeveldebeton.be\/fr\/produits\/mur-de-soutenement\/palissades-en-beton\/\" class=\"w-grid-item-anchor\" aria-label=\"Palissades en beton\"><\/a>\r\n\t\t\t\t\t\t<div class=\"w-post-elm post_image usg_post_image_1 has_ratio\"><img loading=\"lazy\" decoding=\"async\" width=\"1024\" height=\"1024\" src=\"https:\/\/vandeveldebeton.be\/wp-content\/uploads\/2021\/08\/Palissaden-geplaatst-5-1024x1024.jpeg\" class=\"attachment-large size-large wp-post-image\" alt=\"Beton Palissaden grijs * Palissades gris\" \/><div style=\"padding-bottom:72.4074%\"><\/div><\/div><h5 class=\"w-post-elm post_title usg_post_title_2 align_center entry-title color_link_inherit\">Palissades en beton<\/h5>\t\t<\/div>\r\n\t\t\t<\/article>\r\n\t<article class=\"w-grid-item size_1x1 post-2519 page type-page status-publish has-post-thumbnail hentry\" data-id=\"2519\">\r\n\t\t<div class=\"w-grid-item-h\">\r\n\t\t\t\t\t\t\t<a href=\"https:\/\/vandeveldebeton.be\/fr\/produits\/mur-de-soutenement\/plaques-renforcees\/\" class=\"w-grid-item-anchor\" aria-label=\"Plaques renforc\u00e9es\"><\/a>\r\n\t\t\t\t\t\t<div class=\"w-post-elm post_image usg_post_image_1 has_ratio\"><img loading=\"lazy\" decoding=\"async\" width=\"768\" height=\"1024\" src=\"https:\/\/vandeveldebeton.be\/wp-content\/uploads\/2021\/08\/Versterkte-platen-3-e1543481504356-768x1024.jpeg\" class=\"attachment-large size-large wp-post-image\" alt=\"Versterkte betonplaten * Plaques renforc\u00e9es\" \/><div style=\"padding-bottom:72.4074%\"><\/div><\/div><h5 class=\"w-post-elm post_title usg_post_title_2 align_center entry-title color_link_inherit\">Plaques renforc\u00e9es<\/h5>\t\t<\/div>\r\n\t\t\t<\/article>\r\n\t<article class=\"w-grid-item size_1x1 post-2223 page type-page status-publish has-post-thumbnail hentry\" data-id=\"2223\">\r\n\t\t<div class=\"w-grid-item-h\">\r\n\t\t\t\t\t\t\t<a href=\"https:\/\/vandeveldebeton.be\/fr\/produits\/produits-de-construction\/blocs-empillables-creux\/\" class=\"w-grid-item-anchor\" aria-label=\"Blocs empillables creux\"><\/a>\r\n\t\t\t\t\t\t<div class=\"w-post-elm post_image usg_post_image_1 has_ratio\"><img loading=\"lazy\" decoding=\"async\" width=\"1024\" height=\"767\" src=\"https:\/\/vandeveldebeton.be\/wp-content\/uploads\/2021\/08\/holle-stapelblokken-2-1024x767.jpeg\" class=\"attachment-large size-large wp-post-image\" alt=\"\" \/><div style=\"padding-bottom:72.4074%\"><\/div><\/div><h5 class=\"w-post-elm post_title usg_post_title_2 align_center entry-title color_link_inherit\">Blocs empillables creux<\/h5>\t\t<\/div>\r\n\t\t\t<\/article>\r\n<\/div>\t<div class=\"w-grid-preloader\">\r\n\t\t<div class=\"g-preloader type_1\">\r\n\t\t\t<div><\/div>\r\n\t\t<\/div>\r\n\t<\/div>\r\n\t\t<div class=\"w-grid-json hidden\" onclick='return {&quot;action&quot;:&quot;us_ajax_grid&quot;,&quot;infinite_scroll&quot;:0,&quot;max_num_pages&quot;:1,&quot;pagination&quot;:&quot;none&quot;,&quot;template_vars&quot;:{&quot;columns&quot;:&quot;3&quot;,&quot;exclude_items&quot;:&quot;none&quot;,&quot;img_size&quot;:&quot;default&quot;,&quot;ignore_items_size&quot;:0,&quot;items_layout&quot;:&quot;110&quot;,&quot;items_offset&quot;:&quot;1&quot;,&quot;load_animation&quot;:&quot;none&quot;,&quot;overriding_link&quot;:&quot;%7B%22type%22%3A%22post%22%7D&quot;,&quot;post_id&quot;:0,&quot;query_args&quot;:{&quot;ignore_sticky_posts&quot;:1,&quot;post_type&quot;:&quot;any&quot;,&quot;post__in&quot;:[&quot;1995&quot;,&quot;1997&quot;,&quot;1672&quot;,&quot;1999&quot;,&quot;2001&quot;,&quot;509&quot;],&quot;posts_per_page&quot;:999},&quot;orderby_query_args&quot;:{&quot;orderby&quot;:{&quot;post__in&quot;:&quot;ASC&quot;},&quot;order&quot;:&quot;ASC&quot;},&quot;type&quot;:&quot;grid&quot;,&quot;us_grid_post_type&quot;:&quot;ids&quot;,&quot;us_grid_ajax_index&quot;:1,&quot;us_grid_filter_query_string&quot;:null,&quot;us_grid_index&quot;:1,&quot;page_args&quot;:[],&quot;lang&quot;:&quot;fr&quot;}}'><\/div>\r\n\t<\/div><\/div><\/div><\/div><\/div><\/div><\/section><section class=\"l-section wpb_row height_huge\"><div class=\"l-section-h i-cf\"><div class=\"g-cols vc_row via_flex valign_top type_boxes stacking_default\" style=\"--additional-gap:25px;\"><div class=\"vc_col-sm-12 wpb_column vc_column_container\"><div class=\"vc_column-inner us_custom_b6a72ce1\"><div class=\"wpb_wrapper\"><div class=\"wpb_text_column\"><div class=\"wpb_wrapper\"><h2>L-\u00e9l\u00e9ments<\/h2>\n<\/div><\/div><div class=\"w-separator size_medium\"><\/div><\/div><\/div><\/div><div class=\"vc_col-sm-4 wpb_column vc_column_container has_bg_color has-link\"><div class=\"vc_column-inner us_custom_4e82cb47\"><div class=\"wpb_wrapper\"><div class=\"wpb_text_column\"><div class=\"wpb_wrapper\"><h5>El\u00e9ments L arm\u00e9s<\/h5>\n<div class=\"product-text\">\n<p>Ces \u00e9l\u00e9ments en L sont utilis\u00e9s \u00e0 la fois pour l\u2019am\u00e9nagement paysager et la construction de routes. \u00a0Les \u00e9l\u00e9ments sont constitu\u00e9s de C30 \/ 37 en b\u00e9ton, muni d\u2019une cage d\u2019armature et peuvent supporter une charge de 5,00 kN \/ m\u00b2.\u00a0 Un c\u00f4t\u00e9 est fini lisse standard.\u00a0 L\u2019int\u00e9rieur peut \u00eatre fini \u00e0 la main (en option). L e pied est plac\u00e9 \u00e0 la partie sup\u00e9rieure (jardin)<\/p>\n<\/div>\n<\/div><\/div><\/div><\/div><a title=\"Gewapende L-elementen\" href=\"https:\/\/vandeveldebeton.be\/producten\/grondkering\/gewapende-l-elementen\/\" class=\"vc_column-link smooth-scroll\"><\/a><\/div><div class=\"vc_col-sm-4 wpb_column vc_column_container has_bg_color has-link\"><div class=\"vc_column-inner us_custom_4e82cb47\"><div class=\"wpb_wrapper\"><div class=\"wpb_text_column\"><div class=\"wpb_wrapper\"><h5>El\u00e9ments L non arm\u00e9s<\/h5>\n<p>Ces \u00e9l\u00e9ments L sont utilis\u00e9s pour absorber les petites diff\u00e9rences de niveau dans les jardins, o\u00f9 la charge est plut\u00f4t faible. Le pied est plac\u00e9 \u00e0 la partie sup\u00e9rieure du jardin.<\/p>\n<\/div><\/div><\/div><\/div><a title=\"Ongewapende L-elementen\" href=\"https:\/\/vandeveldebeton.be\/producten\/grondkering\/ongewapende-l-elementen\/\" class=\"vc_column-link smooth-scroll\"><\/a><\/div><div class=\"vc_col-sm-4 wpb_column vc_column_container has_bg_color has-link\"><div class=\"vc_column-inner us_custom_4e82cb47\"><div class=\"wpb_wrapper\"><div class=\"wpb_text_column\"><div class=\"wpb_wrapper\"><h5>El\u00e9ments U non arm\u00e9s<\/h5>\n<p>Comme les \u00e9l\u00e9ments non arm\u00e9s L, les \u00e9l\u00e9ments U peuvent \u00e9galement \u00eatre utilis\u00e9s pour r\u00e9soudre les petites diff\u00e9rences de niveau et cr\u00e9er des escaliers.<\/p>\n<\/div><\/div><\/div><\/div><a title=\"Ongewapende U-elementen\" href=\"https:\/\/vandeveldebeton.be\/producten\/afwerking\/straatmeubilair-en-bloembakken\/u-elementen\/\" class=\"vc_column-link smooth-scroll\"><\/a><\/div><\/div><\/div><\/section><section class=\"l-section wpb_row height_huge with_img\"><div class=\"l-section-img\" role=\"img\" aria-label=\"Image\" data-img-width=\"960\" data-img-height=\"640\" style=\"background-image: url(https:\/\/vandeveldebeton.be\/wp-content\/uploads\/2021\/06\/Beton_BG.jpg);background-repeat: no-repeat;\"><\/div><div class=\"l-section-h i-cf\"><div class=\"g-cols vc_row via_flex valign_top type_default stacking_default\"><div class=\"vc_col-sm-12 wpb_column vc_column_container\"><div class=\"vc_column-inner\"><div class=\"wpb_wrapper\"><div class=\"wpb_text_column\"><div class=\"wpb_wrapper\"><h2>Palissades en beton<\/h2>\n<\/div><\/div><div class=\"w-separator size_small\"><\/div><div class=\"wpb_text_column h5paragraaf\"><div class=\"wpb_wrapper\"><div class=\"product-text\">\n<p>Avec des lignes (fortement) courbes, l\u2019utilisation d\u2019une rang\u00e9e de palissades en b\u00e9ton peut \u00eatre envisag\u00e9e. Pensez \u00e0 l\u2019enterrement d\u2019un trampoline, \u00e0 la construction de parterres de fleurs ou \u00e0 la fabrication de bacs \u00e0 fleurs. Elles sont la solution ad\u00e9quate pour absorber les diff\u00e9rences de hauteur de 1 m max. Gardez \u00e0 l\u2019esprit que la palissade doit \u00eatre fix\u00e9e \u00e0 1\/3 de la hauteur totale. En pla\u00e7ant un film \u00e9tanche entre le sol et la palissade, vous \u00e9viterez les infiltrations d\u2019eau et donc les taches disgracieuses.<\/p>\n<\/div>\n<\/div><\/div><\/div><\/div><\/div><\/div><\/div><\/section><section class=\"l-section wpb_row height_large\"><div class=\"l-section-h i-cf\"><div class=\"g-cols vc_row via_flex valign_top type_default stacking_default\"><div class=\"vc_col-sm-12 wpb_column vc_column_container\"><div class=\"vc_column-inner\"><div class=\"wpb_wrapper\"><div class=\"w-separator size_small\"><\/div><div class=\"wpb_text_column\"><div class=\"wpb_wrapper\"><h2>Plus d&#8217;infos<\/h2>\n<\/div><\/div><div class=\"w-separator size_small\"><\/div><div class=\"wpb_text_column pdflinks\"><div class=\"wpb_wrapper\"><p><a href=\"https:\/\/vandeveldebeton.be\/wp-content\/uploads\/2021\/09\/Plus-dinfos-Murs-de-soute\u0300nement2.pdf\">Plus d&#8217;infos &#8211; Murs de sout\u00e8nement<\/a><\/p>\n<\/div><\/div><\/div><\/div><\/div><\/div><\/div><\/section><section class=\"l-section wpb_row videorow height_auto with_img\"><div class=\"l-section-img\" role=\"img\" aria-label=\"Image\" data-img-width=\"2560\" data-img-height=\"1696\" style=\"background-image: url(https:\/\/vandeveldebeton.be\/wp-content\/uploads\/2021\/07\/Stabilise\u0301-2-scaled.jpg);background-repeat: no-repeat;\"><\/div><div class=\"l-section-h i-cf\"><div class=\"g-cols vc_row via_flex valign_top type_default stacking_default\"><div class=\"vc_col-sm-12 wpb_column vc_column_container\"><div class=\"vc_column-inner\"><div class=\"wpb_wrapper\"><\/div><\/div><\/div><\/div><\/div><\/section>\n","protected":false},"excerpt":{"rendered":"Blocs empillables creux La m\u00e9thode simple de placement ne n\u00e9cessite aucune expertise particuli\u00e8re. C\u2019est une bonne fa\u00e7on pour les entrepreneurs et\/ou pour le constructeur de faire des murs en b\u00e9ton arm\u00e9. Les canaux creux dans le bloc empilable sont, si n\u00e9cessaire, pourvus d\u2019armatures et remplis de b\u00e9ton. Cela cr\u00e9e un mur en b\u00e9ton arm\u00e9 stable,...","protected":false},"author":1,"featured_media":2010,"parent":2132,"menu_order":5,"comment_status":"closed","ping_status":"closed","template":"","meta":{"_acf_changed":false,"footnotes":""},"class_list":["post-2508","page","type-page","status-publish","has-post-thumbnail","hentry"],"acf":[],"yoast_head":"<!-- This site is optimized with the Yoast SEO plugin v26.6 - https:\/\/yoast.com\/wordpress\/plugins\/seo\/ -->\n<title>Mur de sout\u00e8nement - Van de Velde Beton<\/title>\n<meta name=\"robots\" content=\"index, follow, max-snippet:-1, max-image-preview:large, max-video-preview:-1\" \/>\n<link rel=\"canonical\" href=\"https:\/\/vandeveldebeton.be\/fr\/produits\/mur-de-soutenement\/\" \/>\n<meta property=\"og:locale\" content=\"fr_FR\" \/>\n<meta property=\"og:type\" content=\"article\" \/>\n<meta property=\"og:title\" content=\"Mur de sout\u00e8nement - Van de Velde Beton\" \/>\n<meta property=\"og:url\" content=\"https:\/\/vandeveldebeton.be\/fr\/produits\/mur-de-soutenement\/\" \/>\n<meta property=\"og:site_name\" content=\"Van de Velde Beton\" \/>\n<meta property=\"article:modified_time\" content=\"2024-06-05T12:36:48+00:00\" \/>\n<meta property=\"og:image\" content=\"https:\/\/vandeveldebeton.be\/wp-content\/uploads\/2021\/08\/L-elementen-geplaatst-bewerkt-3-e1535455781869.jpeg\" \/>\n\t<meta property=\"og:image:width\" content=\"886\" \/>\n\t<meta property=\"og:image:height\" content=\"664\" \/>\n\t<meta property=\"og:image:type\" content=\"image\/jpeg\" \/>\n<meta name=\"twitter:card\" content=\"summary_large_image\" \/>\n<meta name=\"twitter:label1\" content=\"Dur\u00e9e de lecture est.\" \/>\n\t<meta name=\"twitter:data1\" content=\"2 minutes\" \/>\n<script type=\"application\/ld+json\" class=\"yoast-schema-graph\">{\"@context\":\"https:\/\/schema.org\",\"@graph\":[{\"@type\":\"WebPage\",\"@id\":\"https:\/\/vandeveldebeton.be\/fr\/produits\/mur-de-soutenement\/\",\"url\":\"https:\/\/vandeveldebeton.be\/fr\/produits\/mur-de-soutenement\/\",\"name\":\"Mur de sout\u00e8nement - Van de Velde Beton\",\"isPartOf\":{\"@id\":\"https:\/\/vandeveldebeton.be\/fr\/#website\"},\"primaryImageOfPage\":{\"@id\":\"https:\/\/vandeveldebeton.be\/fr\/produits\/mur-de-soutenement\/#primaryimage\"},\"image\":{\"@id\":\"https:\/\/vandeveldebeton.be\/fr\/produits\/mur-de-soutenement\/#primaryimage\"},\"thumbnailUrl\":\"https:\/\/vandeveldebeton.be\/wp-content\/uploads\/2021\/08\/L-elementen-geplaatst-bewerkt-3-e1535455781869.jpeg\",\"datePublished\":\"2021-09-21T12:15:39+00:00\",\"dateModified\":\"2024-06-05T12:36:48+00:00\",\"breadcrumb\":{\"@id\":\"https:\/\/vandeveldebeton.be\/fr\/produits\/mur-de-soutenement\/#breadcrumb\"},\"inLanguage\":\"fr-BE\",\"potentialAction\":[{\"@type\":\"ReadAction\",\"target\":[\"https:\/\/vandeveldebeton.be\/fr\/produits\/mur-de-soutenement\/\"]}]},{\"@type\":\"ImageObject\",\"inLanguage\":\"fr-BE\",\"@id\":\"https:\/\/vandeveldebeton.be\/fr\/produits\/mur-de-soutenement\/#primaryimage\",\"url\":\"https:\/\/vandeveldebeton.be\/wp-content\/uploads\/2021\/08\/L-elementen-geplaatst-bewerkt-3-e1535455781869.jpeg\",\"contentUrl\":\"https:\/\/vandeveldebeton.be\/wp-content\/uploads\/2021\/08\/L-elementen-geplaatst-bewerkt-3-e1535455781869.jpeg\",\"width\":886,\"height\":664,\"caption\":\"Betonnen L-elementen * El\u00e9ments L\"},{\"@type\":\"BreadcrumbList\",\"@id\":\"https:\/\/vandeveldebeton.be\/fr\/produits\/mur-de-soutenement\/#breadcrumb\",\"itemListElement\":[{\"@type\":\"ListItem\",\"position\":1,\"name\":\"Home\",\"item\":\"https:\/\/vandeveldebeton.be\/fr\/\"},{\"@type\":\"ListItem\",\"position\":2,\"name\":\"Produits\",\"item\":\"https:\/\/vandeveldebeton.be\/fr\/produits\/\"},{\"@type\":\"ListItem\",\"position\":3,\"name\":\"Mur de sout\u00e8nement\"}]},{\"@type\":\"WebSite\",\"@id\":\"https:\/\/vandeveldebeton.be\/fr\/#website\",\"url\":\"https:\/\/vandeveldebeton.be\/fr\/\",\"name\":\"Van de Velde Beton\",\"description\":\"\",\"potentialAction\":[{\"@type\":\"SearchAction\",\"target\":{\"@type\":\"EntryPoint\",\"urlTemplate\":\"https:\/\/vandeveldebeton.be\/fr\/?s={search_term_string}\"},\"query-input\":{\"@type\":\"PropertyValueSpecification\",\"valueRequired\":true,\"valueName\":\"search_term_string\"}}],\"inLanguage\":\"fr-BE\"}]}<\/script>\n<!-- \/ Yoast SEO plugin. -->","yoast_head_json":{"title":"Mur de sout\u00e8nement - Van de Velde Beton","robots":{"index":"index","follow":"follow","max-snippet":"max-snippet:-1","max-image-preview":"max-image-preview:large","max-video-preview":"max-video-preview:-1"},"canonical":"https:\/\/vandeveldebeton.be\/fr\/produits\/mur-de-soutenement\/","og_locale":"fr_FR","og_type":"article","og_title":"Mur de sout\u00e8nement - Van de Velde Beton","og_url":"https:\/\/vandeveldebeton.be\/fr\/produits\/mur-de-soutenement\/","og_site_name":"Van de Velde Beton","article_modified_time":"2024-06-05T12:36:48+00:00","og_image":[{"width":886,"height":664,"url":"https:\/\/vandeveldebeton.be\/wp-content\/uploads\/2021\/08\/L-elementen-geplaatst-bewerkt-3-e1535455781869.jpeg","type":"image\/jpeg"}],"twitter_card":"summary_large_image","twitter_misc":{"Dur\u00e9e de lecture est.":"2 minutes"},"schema":{"@context":"https:\/\/schema.org","@graph":[{"@type":"WebPage","@id":"https:\/\/vandeveldebeton.be\/fr\/produits\/mur-de-soutenement\/","url":"https:\/\/vandeveldebeton.be\/fr\/produits\/mur-de-soutenement\/","name":"Mur de sout\u00e8nement - Van de Velde Beton","isPartOf":{"@id":"https:\/\/vandeveldebeton.be\/fr\/#website"},"primaryImageOfPage":{"@id":"https:\/\/vandeveldebeton.be\/fr\/produits\/mur-de-soutenement\/#primaryimage"},"image":{"@id":"https:\/\/vandeveldebeton.be\/fr\/produits\/mur-de-soutenement\/#primaryimage"},"thumbnailUrl":"https:\/\/vandeveldebeton.be\/wp-content\/uploads\/2021\/08\/L-elementen-geplaatst-bewerkt-3-e1535455781869.jpeg","datePublished":"2021-09-21T12:15:39+00:00","dateModified":"2024-06-05T12:36:48+00:00","breadcrumb":{"@id":"https:\/\/vandeveldebeton.be\/fr\/produits\/mur-de-soutenement\/#breadcrumb"},"inLanguage":"fr-BE","potentialAction":[{"@type":"ReadAction","target":["https:\/\/vandeveldebeton.be\/fr\/produits\/mur-de-soutenement\/"]}]},{"@type":"ImageObject","inLanguage":"fr-BE","@id":"https:\/\/vandeveldebeton.be\/fr\/produits\/mur-de-soutenement\/#primaryimage","url":"https:\/\/vandeveldebeton.be\/wp-content\/uploads\/2021\/08\/L-elementen-geplaatst-bewerkt-3-e1535455781869.jpeg","contentUrl":"https:\/\/vandeveldebeton.be\/wp-content\/uploads\/2021\/08\/L-elementen-geplaatst-bewerkt-3-e1535455781869.jpeg","width":886,"height":664,"caption":"Betonnen L-elementen * El\u00e9ments L"},{"@type":"BreadcrumbList","@id":"https:\/\/vandeveldebeton.be\/fr\/produits\/mur-de-soutenement\/#breadcrumb","itemListElement":[{"@type":"ListItem","position":1,"name":"Home","item":"https:\/\/vandeveldebeton.be\/fr\/"},{"@type":"ListItem","position":2,"name":"Produits","item":"https:\/\/vandeveldebeton.be\/fr\/produits\/"},{"@type":"ListItem","position":3,"name":"Mur de sout\u00e8nement"}]},{"@type":"WebSite","@id":"https:\/\/vandeveldebeton.be\/fr\/#website","url":"https:\/\/vandeveldebeton.be\/fr\/","name":"Van de Velde Beton","description":"","potentialAction":[{"@type":"SearchAction","target":{"@type":"EntryPoint","urlTemplate":"https:\/\/vandeveldebeton.be\/fr\/?s={search_term_string}"},"query-input":{"@type":"PropertyValueSpecification","valueRequired":true,"valueName":"search_term_string"}}],"inLanguage":"fr-BE"}]}},"_links":{"self":[{"href":"https:\/\/vandeveldebeton.be\/fr\/wp-json\/wp\/v2\/pages\/2508","targetHints":{"allow":["GET"]}}],"collection":[{"href":"https:\/\/vandeveldebeton.be\/fr\/wp-json\/wp\/v2\/pages"}],"about":[{"href":"https:\/\/vandeveldebeton.be\/fr\/wp-json\/wp\/v2\/types\/page"}],"author":[{"embeddable":true,"href":"https:\/\/vandeveldebeton.be\/fr\/wp-json\/wp\/v2\/users\/1"}],"replies":[{"embeddable":true,"href":"https:\/\/vandeveldebeton.be\/fr\/wp-json\/wp\/v2\/comments?post=2508"}],"version-history":[{"count":3,"href":"https:\/\/vandeveldebeton.be\/fr\/wp-json\/wp\/v2\/pages\/2508\/revisions"}],"predecessor-version":[{"id":4639,"href":"https:\/\/vandeveldebeton.be\/fr\/wp-json\/wp\/v2\/pages\/2508\/revisions\/4639"}],"up":[{"embeddable":true,"href":"https:\/\/vandeveldebeton.be\/fr\/wp-json\/wp\/v2\/pages\/2132"}],"wp:featuredmedia":[{"embeddable":true,"href":"https:\/\/vandeveldebeton.be\/fr\/wp-json\/wp\/v2\/media\/2010"}],"wp:attachment":[{"href":"https:\/\/vandeveldebeton.be\/fr\/wp-json\/wp\/v2\/media?parent=2508"}],"curies":[{"name":"wp","href":"https:\/\/api.w.org\/{rel}","templated":true}]}}