{"id":2493,"date":"2021-09-21T09:50:45","date_gmt":"2021-09-21T09:50:45","guid":{"rendered":"https:\/\/vandeveldebeton.be\/?page_id=2493"},"modified":"2024-06-05T13:36:06","modified_gmt":"2024-06-05T12:36:06","slug":"plaques-et-piquets-en-beton","status":"publish","type":"page","link":"https:\/\/vandeveldebeton.be\/fr\/produits\/clotures\/plaques-et-piquets-en-beton\/","title":{"rendered":"Plaques et piquets en b\u00e9ton"},"content":{"rendered":"<section class=\"l-section wpb_row coverrow height_auto with_img\"><div class=\"l-section-img\" role=\"img\" aria-label=\"Image\" data-img-width=\"960\" data-img-height=\"640\" style=\"background-image: url(https:\/\/vandeveldebeton.be\/wp-content\/uploads\/2021\/06\/Beton_BG.jpg);\"><\/div><div class=\"l-section-h i-cf\"><div class=\"g-cols vc_row via_flex valign_middle type_default stacking_default\"><div class=\"vc_col-sm-6 wpb_column vc_column_container\"><div class=\"vc_column-inner\"><div class=\"wpb_wrapper\"><div class=\"wpb_text_column\"><div class=\"wpb_wrapper\"><h1>Plaques et piquets en b\u00e9ton<\/h1>\n<\/div><\/div><div class=\"wpb_text_column\"><div class=\"wpb_wrapper\"><p>Les panneaux structur\u00e9s en b\u00e9ton vous offrent l\u2019intimit\u00e9 d\u00e9sir\u00e9e dans votre jardin. Gr\u00e2ce au divers motifs et couleurs de vernis \u00e0 b\u00e9ton, vous disposez d\u2019une atmosph\u00e8re moderne ou rustique, id\u00e9ale pour cr\u00e9er un agr\u00e9able jardin personnalis\u00e9.<\/p>\n<\/div><\/div><div class=\"w-btn-wrapper align_none\"><a class=\"w-btn us-btn-style_1\" title=\"Contact\" href=\"https:\/\/vandeveldebeton.be\/fr\/contact\/\"><span class=\"w-btn-label\">Contactez-nous<\/span><\/a><\/div><\/div><\/div><\/div><div class=\"vc_col-sm-6 wpb_column vc_column_container has_bg_color stretched\"><div class=\"vc_column-inner us_custom_d03b5fce\"><div class=\"wpb_wrapper\"><\/div><\/div><\/div><\/div><\/div><\/section><section class=\"l-section wpb_row us_custom_d2199d32 height_auto\"><div class=\"l-section-h i-cf\"><div class=\"g-cols vc_row via_flex valign_top type_default stacking_default\"><div class=\"vc_col-sm-12 wpb_column vc_column_container\"><div class=\"vc_column-inner\"><div class=\"wpb_wrapper\">[vc_raw_html el_class=&#8221;breadcrumbs&#8221;]JTVCd3BzZW9fYnJlYWRjcnVtYiU1RCUwQQ==[\/vc_raw_html]<\/div><\/div><\/div><\/div><\/div><\/section><section class=\"l-section wpb_row height_huge\"><div class=\"l-section-h i-cf\"><div class=\"g-cols vc_row via_flex valign_top type_boxes stacking_default\" style=\"--additional-gap:25px;\"><div class=\"vc_col-sm-12 wpb_column vc_column_container\"><div class=\"vc_column-inner\"><div class=\"wpb_wrapper\"><div class=\"wpb_text_column\"><div class=\"wpb_wrapper\"><div class=\"product-text\">\n<div class=\"product-text\">\n<p>Nos plaques lisses ont \u00e9t\u00e9 utilis\u00e9es pendant plusieurs d\u00e9cennies pour fabriquer des lieux de stockage, des bacs \u00e0 compost, et surtout des cl\u00f4tures. Ce classique n\u2019a pas encore fini de jouer son r\u00f4le et est fr\u00e9quemment utilis\u00e9 dans les jardins contemporains.<\/p>\n<\/div>\n<\/div>\n<\/div><\/div><\/div><\/div><\/div><\/div><\/div><\/section><section class=\"l-section wpb_row height_auto\"><div class=\"l-section-h i-cf\"><div class=\"g-cols vc_row via_flex valign_top type_default stacking_default\"><div class=\"vc_col-sm-12 wpb_column vc_column_container\"><div class=\"vc_column-inner\"><div class=\"wpb_wrapper\"><div class=\"w-separator size_large\"><\/div><div class=\"w-grid us_grid type_grid layout_612 cols_3 preload_style_spinner ratio_1x1\" id=\"us_grid_1\" style=\"--columns:3;--gap:1.5rem;--item-ratio:1;\" data-filterable=\"true\"><style>@media (max-width:1024px){#us_grid_1{--columns:2!important}}@media (max-width:768px){#us_grid_1{--columns:1!important}}.layout_612 .w-grid-item-h{}.layout_612 .usg_vwrapper_1{transition-duration:0.3s;transform-origin:50% 50%;transform:scale(1.5) translate(0%,0%);opacity:0}.layout_612 .w-grid-item-h:focus-within .usg_vwrapper_1,.layout_612 .w-grid-item-h:hover .usg_vwrapper_1{transform:scale(1) translate(0%,0%);opacity:1;background:rgba(26,26,26,0.80)!important}.layout_612 .usg_vwrapper_1{position:absolute!important;left:0!important;top:0!important;bottom:0!important;right:0!important;padding:2rem!important}.layout_612 .usg_post_image_2{position:absolute!important;left:0!important;top:0!important;bottom:0!important;right:0!important}.layout_612 .usg_post_title_2{color:#ffffff!important;font-size:1.4rem!important}<\/style><div class=\"w-grid-list\">\t<article class=\"w-grid-item size_1x1 post-1879 attachment type-attachment status-inherit hentry\" data-id=\"1879\">\r\n\t\t<div class=\"w-grid-item-h\">\r\n\t\t\t\t\t\t\t<a ref=\"magnificPopupGrid\" href=\"https:\/\/vandeveldebeton.be\/wp-content\/uploads\/2021\/08\/wildeverband.jpeg\" class=\"w-grid-item-anchor\" aria-label=\"panelen beton wildverband\"><\/a>\r\n\t\t\t\t\t\t<div class=\"w-post-elm post_image usg_post_image_2 has_ratio\"><img loading=\"lazy\" decoding=\"async\" width=\"1000\" height=\"750\" src=\"https:\/\/vandeveldebeton.be\/wp-content\/uploads\/2021\/08\/wildeverband.jpeg\" class=\"attachment-large size-large\" alt=\"panelen beton wildverband\" \/><div style=\"padding-bottom:100%\"><\/div><\/div><div class=\"w-vwrapper usg_vwrapper_1 align_center valign_middle\"><p class=\"w-post-elm post_title usg_post_title_2 has_text_color entry-title color_link_inherit\">Structuur wildverband * Structuur moellons<\/p><\/div>\t\t<\/div>\r\n\t\t\t<\/article>\r\n\t<article class=\"w-grid-item size_1x1 post-1877 attachment type-attachment status-inherit hentry\" data-id=\"1877\">\r\n\t\t<div class=\"w-grid-item-h\">\r\n\t\t\t\t\t\t\t<a ref=\"magnificPopupGrid\" href=\"https:\/\/vandeveldebeton.be\/wp-content\/uploads\/2021\/08\/wildeverband-2.jpeg\" class=\"w-grid-item-anchor\" aria-label=\"Betonpanelen wildverband\"><\/a>\r\n\t\t\t\t\t\t<div class=\"w-post-elm post_image usg_post_image_2 has_ratio\"><img loading=\"lazy\" decoding=\"async\" width=\"875\" height=\"656\" src=\"https:\/\/vandeveldebeton.be\/wp-content\/uploads\/2021\/08\/wildeverband-2.jpeg\" class=\"attachment-large size-large\" alt=\"Betonpanelen wildverband\" \/><div style=\"padding-bottom:100%\"><\/div><\/div><div class=\"w-vwrapper usg_vwrapper_1 align_center valign_middle\"><p class=\"w-post-elm post_title usg_post_title_2 has_text_color entry-title color_link_inherit\">Structuur wildverband * Structuur moellons<\/p><\/div>\t\t<\/div>\r\n\t\t\t<\/article>\r\n\t<article class=\"w-grid-item size_1x1 post-1875 attachment type-attachment status-inherit hentry\" data-id=\"1875\">\r\n\t\t<div class=\"w-grid-item-h\">\r\n\t\t\t\t\t\t\t<a ref=\"magnificPopupGrid\" href=\"https:\/\/vandeveldebeton.be\/wp-content\/uploads\/2021\/08\/Structuur-wildverband-1.jpeg\" class=\"w-grid-item-anchor\" aria-label=\"betonplaten wildverband\"><\/a>\r\n\t\t\t\t\t\t<div class=\"w-post-elm post_image usg_post_image_2 has_ratio\"><img loading=\"lazy\" decoding=\"async\" width=\"1024\" height=\"768\" src=\"https:\/\/vandeveldebeton.be\/wp-content\/uploads\/2021\/08\/Structuur-wildverband-1-1024x768.jpeg\" class=\"attachment-large size-large\" alt=\"betonplaten wildverband\" \/><div style=\"padding-bottom:100%\"><\/div><\/div><div class=\"w-vwrapper usg_vwrapper_1 align_center valign_middle\"><p class=\"w-post-elm post_title usg_post_title_2 has_text_color entry-title color_link_inherit\">Structuur wildverband * Structuur moellons<\/p><\/div>\t\t<\/div>\r\n\t\t\t<\/article>\r\n\t<article class=\"w-grid-item size_1x1 post-1873 attachment type-attachment status-inherit hentry\" data-id=\"1873\">\r\n\t\t<div class=\"w-grid-item-h\">\r\n\t\t\t\t\t\t\t<a ref=\"magnificPopupGrid\" href=\"https:\/\/vandeveldebeton.be\/wp-content\/uploads\/2021\/08\/Structuur-vlechtwerk-3-1.jpeg\" class=\"w-grid-item-anchor\" aria-label=\"betonplaat structuur vlechtwerk\"><\/a>\r\n\t\t\t\t\t\t<div class=\"w-post-elm post_image usg_post_image_2 has_ratio\"><img loading=\"lazy\" decoding=\"async\" width=\"1024\" height=\"768\" src=\"https:\/\/vandeveldebeton.be\/wp-content\/uploads\/2021\/08\/Structuur-vlechtwerk-3-1-1024x768.jpeg\" class=\"attachment-large size-large\" alt=\"betonplaat structuur vlechtwerk\" \/><div style=\"padding-bottom:100%\"><\/div><\/div><div class=\"w-vwrapper usg_vwrapper_1 align_center valign_middle\"><p class=\"w-post-elm post_title usg_post_title_2 has_text_color entry-title color_link_inherit\">Structuur vlechtwerk * Structure tress\u00e9<\/p><\/div>\t\t<\/div>\r\n\t\t\t<\/article>\r\n\t<article class=\"w-grid-item size_1x1 post-1871 attachment type-attachment status-inherit hentry\" data-id=\"1871\">\r\n\t\t<div class=\"w-grid-item-h\">\r\n\t\t\t\t\t\t\t<a ref=\"magnificPopupGrid\" href=\"https:\/\/vandeveldebeton.be\/wp-content\/uploads\/2021\/08\/Structuur-vlechtwerk-1-1.jpeg\" class=\"w-grid-item-anchor\" aria-label=\"betonplaten structuur vlechtwerk\"><\/a>\r\n\t\t\t\t\t\t<div class=\"w-post-elm post_image usg_post_image_2 has_ratio\"><img loading=\"lazy\" decoding=\"async\" width=\"1024\" height=\"768\" src=\"https:\/\/vandeveldebeton.be\/wp-content\/uploads\/2021\/08\/Structuur-vlechtwerk-1-1-1024x768.jpeg\" class=\"attachment-large size-large\" alt=\"betonplaten structuur vlechtwerk\" \/><div style=\"padding-bottom:100%\"><\/div><\/div><div class=\"w-vwrapper usg_vwrapper_1 align_center valign_middle\"><p class=\"w-post-elm post_title usg_post_title_2 has_text_color entry-title color_link_inherit\">Structuur vlechtwerk * Structure tress\u00e9<\/p><\/div>\t\t<\/div>\r\n\t\t\t<\/article>\r\n\t<article class=\"w-grid-item size_1x1 post-1869 attachment type-attachment status-inherit hentry\" data-id=\"1869\">\r\n\t\t<div class=\"w-grid-item-h\">\r\n\t\t\t\t\t\t\t<a ref=\"magnificPopupGrid\" href=\"https:\/\/vandeveldebeton.be\/wp-content\/uploads\/2021\/08\/Structuur-planken-3-1.jpeg\" class=\"w-grid-item-anchor\" aria-label=\"betonplaat terras plankenstructuur\"><\/a>\r\n\t\t\t\t\t\t<div class=\"w-post-elm post_image usg_post_image_2 has_ratio\"><img loading=\"lazy\" decoding=\"async\" width=\"1024\" height=\"769\" src=\"https:\/\/vandeveldebeton.be\/wp-content\/uploads\/2021\/08\/Structuur-planken-3-1-1024x769.jpeg\" class=\"attachment-large size-large\" alt=\"betonplaat terras plankenstructuur\" \/><div style=\"padding-bottom:100%\"><\/div><\/div><div class=\"w-vwrapper usg_vwrapper_1 align_center valign_middle\"><p class=\"w-post-elm post_title usg_post_title_2 has_text_color entry-title color_link_inherit\">Structuur planken * Structure planche<\/p><\/div>\t\t<\/div>\r\n\t\t\t<\/article>\r\n\t<article class=\"w-grid-item size_1x1 post-1867 attachment type-attachment status-inherit hentry\" data-id=\"1867\">\r\n\t\t<div class=\"w-grid-item-h\">\r\n\t\t\t\t\t\t\t<a ref=\"magnificPopupGrid\" href=\"https:\/\/vandeveldebeton.be\/wp-content\/uploads\/2021\/08\/Structuur-planken-2-1-e1535534006425.jpeg\" class=\"w-grid-item-anchor\" aria-label=\"betonplaat structuur planken\"><\/a>\r\n\t\t\t\t\t\t<div class=\"w-post-elm post_image usg_post_image_2 has_ratio\"><img loading=\"lazy\" decoding=\"async\" width=\"1024\" height=\"768\" src=\"https:\/\/vandeveldebeton.be\/wp-content\/uploads\/2021\/08\/Structuur-planken-2-1-e1535534006425-1024x768.jpeg\" class=\"attachment-large size-large\" alt=\"betonplaat structuur planken\" \/><div style=\"padding-bottom:100%\"><\/div><\/div><div class=\"w-vwrapper usg_vwrapper_1 align_center valign_middle\"><p class=\"w-post-elm post_title usg_post_title_2 has_text_color entry-title color_link_inherit\">Structuur planken * Structure planche<\/p><\/div>\t\t<\/div>\r\n\t\t\t<\/article>\r\n\t<article class=\"w-grid-item size_1x1 post-1865 attachment type-attachment status-inherit hentry\" data-id=\"1865\">\r\n\t\t<div class=\"w-grid-item-h\">\r\n\t\t\t\t\t\t\t<a ref=\"magnificPopupGrid\" href=\"https:\/\/vandeveldebeton.be\/wp-content\/uploads\/2021\/08\/Structuur-planken-1-1.jpeg\" class=\"w-grid-item-anchor\" aria-label=\"betonplaten structuur planken\"><\/a>\r\n\t\t\t\t\t\t<div class=\"w-post-elm post_image usg_post_image_2 has_ratio\"><img loading=\"lazy\" decoding=\"async\" width=\"1024\" height=\"768\" src=\"https:\/\/vandeveldebeton.be\/wp-content\/uploads\/2021\/08\/Structuur-planken-1-1-1024x768.jpeg\" class=\"attachment-large size-large\" alt=\"betonplaten structuur planken\" \/><div style=\"padding-bottom:100%\"><\/div><\/div><div class=\"w-vwrapper usg_vwrapper_1 align_center valign_middle\"><p class=\"w-post-elm post_title usg_post_title_2 has_text_color entry-title color_link_inherit\">Structuur planken * Structure planche<\/p><\/div>\t\t<\/div>\r\n\t\t\t<\/article>\r\n\t<article class=\"w-grid-item size_1x1 post-1861 attachment type-attachment status-inherit hentry\" data-id=\"1861\">\r\n\t\t<div class=\"w-grid-item-h\">\r\n\t\t\t\t\t\t\t<a ref=\"magnificPopupGrid\" href=\"https:\/\/vandeveldebeton.be\/wp-content\/uploads\/2021\/08\/Structuur-baksteen-1-1.jpeg\" class=\"w-grid-item-anchor\" aria-label=\"betonplaten Structuur baksteen\"><\/a>\r\n\t\t\t\t\t\t<div class=\"w-post-elm post_image usg_post_image_2 has_ratio\"><img loading=\"lazy\" decoding=\"async\" width=\"1024\" height=\"768\" src=\"https:\/\/vandeveldebeton.be\/wp-content\/uploads\/2021\/08\/Structuur-baksteen-1-1-1024x768.jpeg\" class=\"attachment-large size-large\" alt=\"betonplaten Structuur baksteen\" \/><div style=\"padding-bottom:100%\"><\/div><\/div><div class=\"w-vwrapper usg_vwrapper_1 align_center valign_middle\"><p class=\"w-post-elm post_title usg_post_title_2 has_text_color entry-title color_link_inherit\">Structuur baksteen * Structure brique<\/p><\/div>\t\t<\/div>\r\n\t\t\t<\/article>\r\n\t<article class=\"w-grid-item size_1x1 post-1863 attachment type-attachment status-inherit hentry\" data-id=\"1863\">\r\n\t\t<div class=\"w-grid-item-h\">\r\n\t\t\t\t\t\t\t<a ref=\"magnificPopupGrid\" href=\"https:\/\/vandeveldebeton.be\/wp-content\/uploads\/2021\/08\/Structuur-baksteen-4-1.jpeg\" class=\"w-grid-item-anchor\" aria-label=\"betonplaat Structuur baksteen\"><\/a>\r\n\t\t\t\t\t\t<div class=\"w-post-elm post_image usg_post_image_2 has_ratio\"><img loading=\"lazy\" decoding=\"async\" width=\"1024\" height=\"768\" src=\"https:\/\/vandeveldebeton.be\/wp-content\/uploads\/2021\/08\/Structuur-baksteen-4-1-1024x768.jpeg\" class=\"attachment-large size-large\" alt=\"betonplaat Structuur baksteen\" \/><div style=\"padding-bottom:100%\"><\/div><\/div><div class=\"w-vwrapper usg_vwrapper_1 align_center valign_middle\"><p class=\"w-post-elm post_title usg_post_title_2 has_text_color entry-title color_link_inherit\">Structuur baksteen * Structure brique<\/p><\/div>\t\t<\/div>\r\n\t\t\t<\/article>\r\n\t<article class=\"w-grid-item size_1x1 post-1859 attachment type-attachment status-inherit hentry\" data-id=\"1859\">\r\n\t\t<div class=\"w-grid-item-h\">\r\n\t\t\t\t\t\t\t<a ref=\"magnificPopupGrid\" href=\"https:\/\/vandeveldebeton.be\/wp-content\/uploads\/2021\/08\/Leisteen-4-klein.jpeg\" class=\"w-grid-item-anchor\" aria-label=\"betonplaat leisteen look\"><\/a>\r\n\t\t\t\t\t\t<div class=\"w-post-elm post_image usg_post_image_2 has_ratio\"><img loading=\"lazy\" decoding=\"async\" width=\"1024\" height=\"768\" src=\"https:\/\/vandeveldebeton.be\/wp-content\/uploads\/2021\/08\/Leisteen-4-klein-1024x768.jpeg\" class=\"attachment-large size-large\" alt=\"betonplaat leisteen look\" \/><div style=\"padding-bottom:100%\"><\/div><\/div><div class=\"w-vwrapper usg_vwrapper_1 align_center valign_middle\"><p class=\"w-post-elm post_title usg_post_title_2 has_text_color entry-title color_link_inherit\">Structuur Leisteen * Structure Schiste<\/p><\/div>\t\t<\/div>\r\n\t\t\t<\/article>\r\n\t<article class=\"w-grid-item size_1x1 post-1857 attachment type-attachment status-inherit hentry\" data-id=\"1857\">\r\n\t\t<div class=\"w-grid-item-h\">\r\n\t\t\t\t\t\t\t<a ref=\"magnificPopupGrid\" href=\"https:\/\/vandeveldebeton.be\/wp-content\/uploads\/2021\/08\/Leisteen-3-1.jpeg\" class=\"w-grid-item-anchor\" aria-label=\"betonplaten leisteen look\"><\/a>\r\n\t\t\t\t\t\t<div class=\"w-post-elm post_image usg_post_image_2 has_ratio\"><img loading=\"lazy\" decoding=\"async\" width=\"1024\" height=\"768\" src=\"https:\/\/vandeveldebeton.be\/wp-content\/uploads\/2021\/08\/Leisteen-3-1-1024x768.jpeg\" class=\"attachment-large size-large\" alt=\"betonplaten leisteen look\" \/><div style=\"padding-bottom:100%\"><\/div><\/div><div class=\"w-vwrapper usg_vwrapper_1 align_center valign_middle\"><p class=\"w-post-elm post_title usg_post_title_2 has_text_color entry-title color_link_inherit\">Leisteen<\/p><\/div>\t\t<\/div>\r\n\t\t\t<\/article>\r\n\t<article class=\"w-grid-item size_1x1 post-1853 attachment type-attachment status-inherit hentry\" data-id=\"1853\">\r\n\t\t<div class=\"w-grid-item-h\">\r\n\t\t\t\t\t\t\t<a ref=\"magnificPopupGrid\" href=\"https:\/\/vandeveldebeton.be\/wp-content\/uploads\/2021\/08\/Gladbeton-blinde-muur-1.jpeg\" class=\"w-grid-item-anchor\" aria-label=\"betonplaten gladbeton\"><\/a>\r\n\t\t\t\t\t\t<div class=\"w-post-elm post_image usg_post_image_2 has_ratio\"><img loading=\"lazy\" decoding=\"async\" width=\"1024\" height=\"768\" src=\"https:\/\/vandeveldebeton.be\/wp-content\/uploads\/2021\/08\/Gladbeton-blinde-muur-1-1024x768.jpeg\" class=\"attachment-large size-large\" alt=\"betonplaten gladbeton\" \/><div style=\"padding-bottom:100%\"><\/div><\/div><div class=\"w-vwrapper usg_vwrapper_1 align_center valign_middle\"><p class=\"w-post-elm post_title usg_post_title_2 has_text_color entry-title color_link_inherit\">Platen gladbeton * Placques lisse<\/p><\/div>\t\t<\/div>\r\n\t\t\t<\/article>\r\n\t<article class=\"w-grid-item size_1x1 post-1855 attachment type-attachment status-inherit hentry\" data-id=\"1855\">\r\n\t\t<div class=\"w-grid-item-h\">\r\n\t\t\t\t\t\t\t<a ref=\"magnificPopupGrid\" href=\"https:\/\/vandeveldebeton.be\/wp-content\/uploads\/2021\/08\/Gladbeton-compostbak-1.jpeg\" class=\"w-grid-item-anchor\" aria-label=\"Compostbak\"><\/a>\r\n\t\t\t\t\t\t<div class=\"w-post-elm post_image usg_post_image_2 has_ratio\"><img loading=\"lazy\" decoding=\"async\" width=\"1024\" height=\"768\" src=\"https:\/\/vandeveldebeton.be\/wp-content\/uploads\/2021\/08\/Gladbeton-compostbak-1-1024x768.jpeg\" class=\"attachment-large size-large\" alt=\"Compostbak\" \/><div style=\"padding-bottom:100%\"><\/div><\/div><div class=\"w-vwrapper usg_vwrapper_1 align_center valign_middle\"><p class=\"w-post-elm post_title usg_post_title_2 has_text_color entry-title color_link_inherit\">Compostbak * Bac \u00e0 compost<\/p><\/div>\t\t<\/div>\r\n\t\t\t<\/article>\r\n\t<article class=\"w-grid-item size_1x1 post-1851 attachment type-attachment status-inherit hentry\" data-id=\"1851\">\r\n\t\t<div class=\"w-grid-item-h\">\r\n\t\t\t\t\t\t\t<a ref=\"magnificPopupGrid\" href=\"https:\/\/vandeveldebeton.be\/wp-content\/uploads\/2021\/08\/Gladbeton-bekaertsteunen-1-e1535534059651.jpeg\" class=\"w-grid-item-anchor\" aria-label=\"Gladbeton met betonvoet \"><\/a>\r\n\t\t\t\t\t\t<div class=\"w-post-elm post_image usg_post_image_2 has_ratio\"><img loading=\"lazy\" decoding=\"async\" width=\"1024\" height=\"1024\" src=\"https:\/\/vandeveldebeton.be\/wp-content\/uploads\/2021\/08\/Gladbeton-bekaertsteunen-1-e1535534059651-1024x1024.jpeg\" class=\"attachment-large size-large\" alt=\"Gladbeton met betonvoet\" \/><div style=\"padding-bottom:100%\"><\/div><\/div><div class=\"w-vwrapper usg_vwrapper_1 align_center valign_middle\"><p class=\"w-post-elm post_title usg_post_title_2 has_text_color entry-title color_link_inherit\">Gladbeton met betonvoet * Plaques lisses avec socle en beton<\/p><\/div>\t\t<\/div>\r\n\t\t\t<\/article>\r\n\t<article class=\"w-grid-item size_1x1 post-1847 attachment type-attachment status-inherit hentry\" data-id=\"1847\">\r\n\t\t<div class=\"w-grid-item-h\">\r\n\t\t\t\t\t\t\t<a ref=\"magnificPopupGrid\" href=\"https:\/\/vandeveldebeton.be\/wp-content\/uploads\/2021\/08\/Durbuy-4-KLEIN.jpeg\" class=\"w-grid-item-anchor\" aria-label=\"betonplaat Structuur Durbuy\"><\/a>\r\n\t\t\t\t\t\t<div class=\"w-post-elm post_image usg_post_image_2 has_ratio\"><img loading=\"lazy\" decoding=\"async\" width=\"1024\" height=\"768\" src=\"https:\/\/vandeveldebeton.be\/wp-content\/uploads\/2021\/08\/Durbuy-4-KLEIN-1024x768.jpeg\" class=\"attachment-large size-large\" alt=\"betonplaat Structuur Durbuy\" \/><div style=\"padding-bottom:100%\"><\/div><\/div><div class=\"w-vwrapper usg_vwrapper_1 align_center valign_middle\"><p class=\"w-post-elm post_title usg_post_title_2 has_text_color entry-title color_link_inherit\">Structuur Durbuy * Structure Durbuy<\/p><\/div>\t\t<\/div>\r\n\t\t\t<\/article>\r\n\t<article class=\"w-grid-item size_1x1 post-1849 attachment type-attachment status-inherit hentry\" data-id=\"1849\">\r\n\t\t<div class=\"w-grid-item-h\">\r\n\t\t\t\t\t\t\t<a ref=\"magnificPopupGrid\" href=\"https:\/\/vandeveldebeton.be\/wp-content\/uploads\/2021\/08\/gevlochten-2.jpeg\" class=\"w-grid-item-anchor\" aria-label=\"tuinafsluitingen Structuur vlechtwerk\"><\/a>\r\n\t\t\t\t\t\t<div class=\"w-post-elm post_image usg_post_image_2 has_ratio\"><img loading=\"lazy\" decoding=\"async\" width=\"875\" height=\"656\" src=\"https:\/\/vandeveldebeton.be\/wp-content\/uploads\/2021\/08\/gevlochten-2.jpeg\" class=\"attachment-large size-large\" alt=\"tuinafsluitingen Structuur vlechtwerk\" \/><div style=\"padding-bottom:100%\"><\/div><\/div><div class=\"w-vwrapper usg_vwrapper_1 align_center valign_middle\"><p class=\"w-post-elm post_title usg_post_title_2 has_text_color entry-title color_link_inherit\">Structuur vlechtwerk * Structure tress\u00e9<\/p><\/div>\t\t<\/div>\r\n\t\t\t<\/article>\r\n\t<article class=\"w-grid-item size_1x1 post-1845 attachment type-attachment status-inherit hentry\" data-id=\"1845\">\r\n\t\t<div class=\"w-grid-item-h\">\r\n\t\t\t\t\t\t\t<a ref=\"magnificPopupGrid\" href=\"https:\/\/vandeveldebeton.be\/wp-content\/uploads\/2021\/08\/Durbuy-2.jpeg\" class=\"w-grid-item-anchor\" aria-label=\"betonplaten Structuur Durbuy\"><\/a>\r\n\t\t\t\t\t\t<div class=\"w-post-elm post_image usg_post_image_2 has_ratio\"><img loading=\"lazy\" decoding=\"async\" width=\"1024\" height=\"768\" src=\"https:\/\/vandeveldebeton.be\/wp-content\/uploads\/2021\/08\/Durbuy-2-1024x768.jpeg\" class=\"attachment-large size-large\" alt=\"betonplaten Structuur Durbuy\" \/><div style=\"padding-bottom:100%\"><\/div><\/div><div class=\"w-vwrapper usg_vwrapper_1 align_center valign_middle\"><p class=\"w-post-elm post_title usg_post_title_2 has_text_color entry-title color_link_inherit\">Structuur Durbuy * Structure Durbuy<\/p><\/div>\t\t<\/div>\r\n\t\t\t<\/article>\r\n\t<article class=\"w-grid-item size_1x1 post-1843 attachment type-attachment status-inherit hentry\" data-id=\"1843\">\r\n\t\t<div class=\"w-grid-item-h\">\r\n\t\t\t\t\t\t\t<a ref=\"magnificPopupGrid\" href=\"https:\/\/vandeveldebeton.be\/wp-content\/uploads\/2021\/08\/DSCN4368.jpeg\" class=\"w-grid-item-anchor\" aria-label=\"betonnen panelen\"><\/a>\r\n\t\t\t\t\t\t<div class=\"w-post-elm post_image usg_post_image_2 has_ratio\"><img loading=\"lazy\" decoding=\"async\" width=\"640\" height=\"480\" src=\"https:\/\/vandeveldebeton.be\/wp-content\/uploads\/2021\/08\/DSCN4368.jpeg\" class=\"attachment-large size-large\" alt=\"betonnen panelen\" \/><div style=\"padding-bottom:100%\"><\/div><\/div><div class=\"w-vwrapper usg_vwrapper_1 align_center valign_middle\"><p class=\"w-post-elm post_title usg_post_title_2 has_text_color entry-title color_link_inherit\">Structuur baksteen * Structure brique<\/p><\/div>\t\t<\/div>\r\n\t\t\t<\/article>\r\n<\/div>\t<div class=\"w-grid-preloader\">\r\n\t\t<div class=\"g-preloader type_1\">\r\n\t\t\t<div><\/div>\r\n\t\t<\/div>\r\n\t<\/div>\r\n\t\t<div class=\"w-grid-json hidden\" onclick='return {&quot;action&quot;:&quot;us_ajax_grid&quot;,&quot;infinite_scroll&quot;:0,&quot;max_num_pages&quot;:1,&quot;pagination&quot;:&quot;none&quot;,&quot;template_vars&quot;:{&quot;columns&quot;:&quot;3&quot;,&quot;exclude_items&quot;:&quot;none&quot;,&quot;img_size&quot;:&quot;default&quot;,&quot;ignore_items_size&quot;:0,&quot;items_layout&quot;:&quot;612&quot;,&quot;items_offset&quot;:&quot;1&quot;,&quot;load_animation&quot;:&quot;none&quot;,&quot;overriding_link&quot;:&quot;%7B%22type%22%3A%22popup_image%22%7D&quot;,&quot;post_id&quot;:0,&quot;query_args&quot;:{&quot;post_type&quot;:[&quot;attachment&quot;],&quot;post__in&quot;:[&quot;1878&quot;,&quot;1876&quot;,&quot;1874&quot;,&quot;1872&quot;,&quot;1870&quot;,&quot;1868&quot;,&quot;1866&quot;,&quot;1864&quot;,&quot;1862&quot;,&quot;1860&quot;,&quot;1858&quot;,&quot;1856&quot;,&quot;1852&quot;,&quot;1854&quot;,&quot;1850&quot;,&quot;1848&quot;,&quot;1846&quot;,&quot;1844&quot;,&quot;1842&quot;],&quot;post_status&quot;:&quot;inherit&quot;,&quot;post_mime_type&quot;:&quot;image&quot;,&quot;posts_per_page&quot;:999},&quot;orderby_query_args&quot;:{&quot;orderby&quot;:{&quot;date&quot;:&quot;DESC&quot;}},&quot;type&quot;:&quot;grid&quot;,&quot;us_grid_post_type&quot;:&quot;attachment&quot;,&quot;us_grid_ajax_index&quot;:1,&quot;us_grid_filter_query_string&quot;:null,&quot;us_grid_index&quot;:1,&quot;page_args&quot;:[],&quot;lang&quot;:&quot;fr&quot;}}'><\/div>\r\n\t<\/div><div class=\"w-separator size_large\"><\/div><\/div><\/div><\/div><\/div><\/div><\/section><section class=\"l-section wpb_row height_auto\"><div class=\"l-section-h i-cf\"><div class=\"g-cols vc_row via_flex valign_top type_default stacking_default\"><div class=\"vc_col-sm-12 wpb_column vc_column_container\"><div class=\"vc_column-inner\"><div class=\"wpb_wrapper\"><div class=\"wpb_text_column\"><div class=\"wpb_wrapper\"><h2>Plus d&#8217;infos<\/h2>\n<\/div><\/div><div class=\"w-separator size_small\"><\/div><div class=\"wpb_text_column pdflinks\"><div class=\"wpb_wrapper\"><p><a href=\"https:\/\/vandeveldebeton.be\/wp-content\/uploads\/2021\/08\/Betonverf-voor-structuurplaten.pdf\">Betonverf * Painture b\u00e9ton<\/a><\/p>\n<\/div><\/div><div class=\"w-separator size_large\"><\/div><\/div><\/div><\/div><\/div><\/div><\/section>\n","protected":false},"excerpt":{"rendered":"","protected":false},"author":1,"featured_media":1879,"parent":2477,"menu_order":2,"comment_status":"closed","ping_status":"closed","template":"","meta":{"_acf_changed":false,"footnotes":""},"class_list":["post-2493","page","type-page","status-publish","has-post-thumbnail","hentry"],"acf":[],"yoast_head":"<!-- This site is optimized with the Yoast SEO plugin v26.6 - https:\/\/yoast.com\/wordpress\/plugins\/seo\/ -->\n<title>Plaques et piquets en b\u00e9ton - Van de Velde Beton<\/title>\n<meta name=\"robots\" content=\"index, follow, max-snippet:-1, max-image-preview:large, max-video-preview:-1\" \/>\n<link rel=\"canonical\" href=\"https:\/\/vandeveldebeton.be\/fr\/produits\/clotures\/plaques-et-piquets-en-beton\/\" \/>\n<meta property=\"og:locale\" content=\"fr_FR\" \/>\n<meta property=\"og:type\" content=\"article\" \/>\n<meta property=\"og:title\" content=\"Plaques et piquets en b\u00e9ton - Van de Velde Beton\" \/>\n<meta property=\"og:url\" content=\"https:\/\/vandeveldebeton.be\/fr\/produits\/clotures\/plaques-et-piquets-en-beton\/\" \/>\n<meta property=\"og:site_name\" content=\"Van de Velde Beton\" \/>\n<meta property=\"article:modified_time\" content=\"2024-06-05T12:36:06+00:00\" \/>\n<meta property=\"og:image\" content=\"https:\/\/vandeveldebeton.be\/wp-content\/uploads\/2021\/08\/wildeverband.jpeg\" \/>\n\t<meta property=\"og:image:width\" content=\"1000\" \/>\n\t<meta property=\"og:image:height\" content=\"750\" \/>\n\t<meta property=\"og:image:type\" content=\"image\/jpeg\" \/>\n<meta name=\"twitter:card\" content=\"summary_large_image\" \/>\n<meta name=\"twitter:label1\" content=\"Dur\u00e9e de lecture est.\" \/>\n\t<meta name=\"twitter:data1\" content=\"1 minute\" \/>\n<script type=\"application\/ld+json\" class=\"yoast-schema-graph\">{\"@context\":\"https:\/\/schema.org\",\"@graph\":[{\"@type\":\"WebPage\",\"@id\":\"https:\/\/vandeveldebeton.be\/fr\/produits\/clotures\/plaques-et-piquets-en-beton\/\",\"url\":\"https:\/\/vandeveldebeton.be\/fr\/produits\/clotures\/plaques-et-piquets-en-beton\/\",\"name\":\"Plaques et piquets en b\u00e9ton - Van de Velde Beton\",\"isPartOf\":{\"@id\":\"https:\/\/vandeveldebeton.be\/fr\/#website\"},\"primaryImageOfPage\":{\"@id\":\"https:\/\/vandeveldebeton.be\/fr\/produits\/clotures\/plaques-et-piquets-en-beton\/#primaryimage\"},\"image\":{\"@id\":\"https:\/\/vandeveldebeton.be\/fr\/produits\/clotures\/plaques-et-piquets-en-beton\/#primaryimage\"},\"thumbnailUrl\":\"https:\/\/vandeveldebeton.be\/wp-content\/uploads\/2021\/08\/wildeverband.jpeg\",\"datePublished\":\"2021-09-21T09:50:45+00:00\",\"dateModified\":\"2024-06-05T12:36:06+00:00\",\"breadcrumb\":{\"@id\":\"https:\/\/vandeveldebeton.be\/fr\/produits\/clotures\/plaques-et-piquets-en-beton\/#breadcrumb\"},\"inLanguage\":\"fr-BE\",\"potentialAction\":[{\"@type\":\"ReadAction\",\"target\":[\"https:\/\/vandeveldebeton.be\/fr\/produits\/clotures\/plaques-et-piquets-en-beton\/\"]}]},{\"@type\":\"ImageObject\",\"inLanguage\":\"fr-BE\",\"@id\":\"https:\/\/vandeveldebeton.be\/fr\/produits\/clotures\/plaques-et-piquets-en-beton\/#primaryimage\",\"url\":\"https:\/\/vandeveldebeton.be\/wp-content\/uploads\/2021\/08\/wildeverband.jpeg\",\"contentUrl\":\"https:\/\/vandeveldebeton.be\/wp-content\/uploads\/2021\/08\/wildeverband.jpeg\",\"width\":1000,\"height\":750,\"caption\":\"panelen beton wildverband\"},{\"@type\":\"BreadcrumbList\",\"@id\":\"https:\/\/vandeveldebeton.be\/fr\/produits\/clotures\/plaques-et-piquets-en-beton\/#breadcrumb\",\"itemListElement\":[{\"@type\":\"ListItem\",\"position\":1,\"name\":\"Home\",\"item\":\"https:\/\/vandeveldebeton.be\/fr\/\"},{\"@type\":\"ListItem\",\"position\":2,\"name\":\"Produits\",\"item\":\"https:\/\/vandeveldebeton.be\/fr\/produits\/\"},{\"@type\":\"ListItem\",\"position\":3,\"name\":\"Cl\u00f4tures\",\"item\":\"https:\/\/vandeveldebeton.be\/fr\/produits\/clotures\/\"},{\"@type\":\"ListItem\",\"position\":4,\"name\":\"Plaques et piquets en b\u00e9ton\"}]},{\"@type\":\"WebSite\",\"@id\":\"https:\/\/vandeveldebeton.be\/fr\/#website\",\"url\":\"https:\/\/vandeveldebeton.be\/fr\/\",\"name\":\"Van de Velde Beton\",\"description\":\"\",\"potentialAction\":[{\"@type\":\"SearchAction\",\"target\":{\"@type\":\"EntryPoint\",\"urlTemplate\":\"https:\/\/vandeveldebeton.be\/fr\/?s={search_term_string}\"},\"query-input\":{\"@type\":\"PropertyValueSpecification\",\"valueRequired\":true,\"valueName\":\"search_term_string\"}}],\"inLanguage\":\"fr-BE\"}]}<\/script>\n<!-- \/ Yoast SEO plugin. -->","yoast_head_json":{"title":"Plaques et piquets en b\u00e9ton - Van de Velde Beton","robots":{"index":"index","follow":"follow","max-snippet":"max-snippet:-1","max-image-preview":"max-image-preview:large","max-video-preview":"max-video-preview:-1"},"canonical":"https:\/\/vandeveldebeton.be\/fr\/produits\/clotures\/plaques-et-piquets-en-beton\/","og_locale":"fr_FR","og_type":"article","og_title":"Plaques et piquets en b\u00e9ton - Van de Velde Beton","og_url":"https:\/\/vandeveldebeton.be\/fr\/produits\/clotures\/plaques-et-piquets-en-beton\/","og_site_name":"Van de Velde Beton","article_modified_time":"2024-06-05T12:36:06+00:00","og_image":[{"width":1000,"height":750,"url":"https:\/\/vandeveldebeton.be\/wp-content\/uploads\/2021\/08\/wildeverband.jpeg","type":"image\/jpeg"}],"twitter_card":"summary_large_image","twitter_misc":{"Dur\u00e9e de lecture est.":"1 minute"},"schema":{"@context":"https:\/\/schema.org","@graph":[{"@type":"WebPage","@id":"https:\/\/vandeveldebeton.be\/fr\/produits\/clotures\/plaques-et-piquets-en-beton\/","url":"https:\/\/vandeveldebeton.be\/fr\/produits\/clotures\/plaques-et-piquets-en-beton\/","name":"Plaques et piquets en b\u00e9ton - Van de Velde Beton","isPartOf":{"@id":"https:\/\/vandeveldebeton.be\/fr\/#website"},"primaryImageOfPage":{"@id":"https:\/\/vandeveldebeton.be\/fr\/produits\/clotures\/plaques-et-piquets-en-beton\/#primaryimage"},"image":{"@id":"https:\/\/vandeveldebeton.be\/fr\/produits\/clotures\/plaques-et-piquets-en-beton\/#primaryimage"},"thumbnailUrl":"https:\/\/vandeveldebeton.be\/wp-content\/uploads\/2021\/08\/wildeverband.jpeg","datePublished":"2021-09-21T09:50:45+00:00","dateModified":"2024-06-05T12:36:06+00:00","breadcrumb":{"@id":"https:\/\/vandeveldebeton.be\/fr\/produits\/clotures\/plaques-et-piquets-en-beton\/#breadcrumb"},"inLanguage":"fr-BE","potentialAction":[{"@type":"ReadAction","target":["https:\/\/vandeveldebeton.be\/fr\/produits\/clotures\/plaques-et-piquets-en-beton\/"]}]},{"@type":"ImageObject","inLanguage":"fr-BE","@id":"https:\/\/vandeveldebeton.be\/fr\/produits\/clotures\/plaques-et-piquets-en-beton\/#primaryimage","url":"https:\/\/vandeveldebeton.be\/wp-content\/uploads\/2021\/08\/wildeverband.jpeg","contentUrl":"https:\/\/vandeveldebeton.be\/wp-content\/uploads\/2021\/08\/wildeverband.jpeg","width":1000,"height":750,"caption":"panelen beton wildverband"},{"@type":"BreadcrumbList","@id":"https:\/\/vandeveldebeton.be\/fr\/produits\/clotures\/plaques-et-piquets-en-beton\/#breadcrumb","itemListElement":[{"@type":"ListItem","position":1,"name":"Home","item":"https:\/\/vandeveldebeton.be\/fr\/"},{"@type":"ListItem","position":2,"name":"Produits","item":"https:\/\/vandeveldebeton.be\/fr\/produits\/"},{"@type":"ListItem","position":3,"name":"Cl\u00f4tures","item":"https:\/\/vandeveldebeton.be\/fr\/produits\/clotures\/"},{"@type":"ListItem","position":4,"name":"Plaques et piquets en b\u00e9ton"}]},{"@type":"WebSite","@id":"https:\/\/vandeveldebeton.be\/fr\/#website","url":"https:\/\/vandeveldebeton.be\/fr\/","name":"Van de Velde Beton","description":"","potentialAction":[{"@type":"SearchAction","target":{"@type":"EntryPoint","urlTemplate":"https:\/\/vandeveldebeton.be\/fr\/?s={search_term_string}"},"query-input":{"@type":"PropertyValueSpecification","valueRequired":true,"valueName":"search_term_string"}}],"inLanguage":"fr-BE"}]}},"_links":{"self":[{"href":"https:\/\/vandeveldebeton.be\/fr\/wp-json\/wp\/v2\/pages\/2493","targetHints":{"allow":["GET"]}}],"collection":[{"href":"https:\/\/vandeveldebeton.be\/fr\/wp-json\/wp\/v2\/pages"}],"about":[{"href":"https:\/\/vandeveldebeton.be\/fr\/wp-json\/wp\/v2\/types\/page"}],"author":[{"embeddable":true,"href":"https:\/\/vandeveldebeton.be\/fr\/wp-json\/wp\/v2\/users\/1"}],"replies":[{"embeddable":true,"href":"https:\/\/vandeveldebeton.be\/fr\/wp-json\/wp\/v2\/comments?post=2493"}],"version-history":[{"count":3,"href":"https:\/\/vandeveldebeton.be\/fr\/wp-json\/wp\/v2\/pages\/2493\/revisions"}],"predecessor-version":[{"id":4625,"href":"https:\/\/vandeveldebeton.be\/fr\/wp-json\/wp\/v2\/pages\/2493\/revisions\/4625"}],"up":[{"embeddable":true,"href":"https:\/\/vandeveldebeton.be\/fr\/wp-json\/wp\/v2\/pages\/2477"}],"wp:featuredmedia":[{"embeddable":true,"href":"https:\/\/vandeveldebeton.be\/fr\/wp-json\/wp\/v2\/media\/1879"}],"wp:attachment":[{"href":"https:\/\/vandeveldebeton.be\/fr\/wp-json\/wp\/v2\/media?parent=2493"}],"curies":[{"name":"wp","href":"https:\/\/api.w.org\/{rel}","templated":true}]}}