{"id":2402,"date":"2021-09-21T07:07:17","date_gmt":"2021-09-21T07:07:17","guid":{"rendered":"https:\/\/vandeveldebeton.be\/?page_id=2402"},"modified":"2024-06-05T13:30:17","modified_gmt":"2024-06-05T12:30:17","slug":"dalles-en-beton","status":"publish","type":"page","link":"https:\/\/vandeveldebeton.be\/fr\/produits\/pavage-et-construction-de-routes\/dalles\/dalles-en-beton\/","title":{"rendered":"Dalles en b\u00e9ton"},"content":{"rendered":"<section class=\"l-section wpb_row coverrow height_auto with_img\"><div class=\"l-section-img\" role=\"img\" aria-label=\"Image\" data-img-width=\"960\" data-img-height=\"640\" style=\"background-image: url(https:\/\/vandeveldebeton.be\/wp-content\/uploads\/2021\/06\/Beton_BG.jpg);\"><\/div><div class=\"l-section-h i-cf\"><div class=\"g-cols vc_row via_flex valign_middle type_default stacking_default\"><div class=\"vc_col-sm-6 wpb_column vc_column_container\"><div class=\"vc_column-inner\"><div class=\"wpb_wrapper\"><div class=\"wpb_text_column\"><div class=\"wpb_wrapper\"><h1>Dalles en b\u00e9ton<\/h1>\n<\/div><\/div><div class=\"wpb_text_column\"><div class=\"wpb_wrapper\"><div class=\"product-text\">\n<div class=\"wpb_text_column\">\n<div class=\"wpb_wrapper\">\n<div class=\"product-text\">\n<p>La gamme de dalles en b\u00e9ton est beaucoup plus \u00e9tendue que les sols en b\u00e9ton classiques que nous connaissons pour les sentiers et les terrains de jeux. En raison de leur prix favorable, elles sont id\u00e9ales pour les all\u00e9es, les sentiers de jardin et les terrasses.<\/p>\n<\/div>\n<\/div>\n<\/div>\n<\/div>\n<\/div><\/div><div class=\"w-btn-wrapper align_none\"><a class=\"w-btn us-btn-style_1\" title=\"Contact\" href=\"https:\/\/vandeveldebeton.be\/fr\/contact\/\"><span class=\"w-btn-label\">Contactez-nous<\/span><\/a><\/div><\/div><\/div><\/div><div class=\"vc_col-sm-6 wpb_column vc_column_container has_bg_color stretched\"><div class=\"vc_column-inner us_custom_df8f3d8f\"><div class=\"wpb_wrapper\"><\/div><\/div><\/div><\/div><\/div><\/section><section class=\"l-section wpb_row us_custom_d2199d32 height_auto\"><div class=\"l-section-h i-cf\"><div class=\"g-cols vc_row via_flex valign_top type_default stacking_default\"><div class=\"vc_col-sm-12 wpb_column vc_column_container\"><div class=\"vc_column-inner\"><div class=\"wpb_wrapper\">[vc_raw_html el_class=&#8221;breadcrumbs&#8221;]JTVCd3BzZW9fYnJlYWRjcnVtYiU1RCUwQQ==[\/vc_raw_html]<\/div><\/div><\/div><\/div><\/div><\/section><section class=\"l-section wpb_row height_huge\"><div class=\"l-section-h i-cf\"><div class=\"g-cols vc_row via_flex valign_top type_boxes stacking_default\" style=\"--additional-gap:25px;\"><div class=\"vc_col-sm-6 wpb_column vc_column_container has_bg_color\"><div class=\"vc_column-inner us_custom_6c8b403c\"><div class=\"wpb_wrapper\"><div class=\"wpb_text_column\"><div class=\"wpb_wrapper\"><p><strong>Les goulottes<\/strong> en combinaison avec les dalles en b\u00e9ton sont la solution pour un drainage presqu\u2019invisible.<\/p>\n<\/div><\/div><\/div><\/div><\/div><div class=\"vc_col-sm-6 wpb_column vc_column_container has_bg_color\"><div class=\"vc_column-inner us_custom_6c8b403c\"><div class=\"wpb_wrapper\"><div class=\"wpb_text_column\"><div class=\"wpb_wrapper\"><div class=\"product-text\">\n<p><strong>Les dalles de guidage<\/strong> permettent aux personnes handicap\u00e9es visuelles d\u2019entrer dans la circulation en toute s\u00e9curit\u00e9.<\/p>\n<\/div>\n<\/div><\/div><\/div><\/div><\/div><div class=\"vc_col-sm-6 wpb_column vc_column_container has_bg_color\"><div class=\"vc_column-inner us_custom_6c8b403c\"><div class=\"wpb_wrapper\"><div class=\"wpb_text_column\"><div class=\"wpb_wrapper\"><p><strong>Les dalles antid\u00e9rapentes<\/strong> ont une surface structur\u00e9e, comme \u00e7a les pentes raides deviennent plus accessibles.<\/p>\n<\/div><\/div><\/div><\/div><\/div><div class=\"vc_col-sm-6 wpb_column vc_column_container has_bg_color\"><div class=\"vc_column-inner us_custom_6c8b403c\"><div class=\"wpb_wrapper\"><div class=\"wpb_text_column\"><div class=\"wpb_wrapper\"><div class=\"product-text\">\n<p><strong>Les dalles en b\u00e9ton<\/strong> sont \u00e9galement disponibles dans d\u2019autres formats tels que 40\u00d740, 50\u00d750, 40\u00d760 cm, \u2026 pour de grandes surfaces ou de larges sentiers de jardin.<\/p>\n<\/div>\n<\/div><\/div><\/div><\/div><\/div><div class=\"vc_col-sm-6 wpb_column vc_column_container has_bg_color\"><div class=\"vc_column-inner us_custom_6c8b403c\"><div class=\"wpb_wrapper\"><div class=\"wpb_text_column\"><div class=\"wpb_wrapper\"><div class=\"product-text\">\n<p>Dans le cas de <strong>dalles de silex<\/strong>, le sable et le ciment sont \u00e9limin\u00e9s de la dalle apr\u00e8s le pressage, de sorte que de petits cailloux color\u00e9s deviennent visibles. Cela cr\u00e9e un effet naturel. La dalle silex est \u00e9galement antid\u00e9rapante. Ces atouts impliquent que ces dalles silex polyvalentes peuvent \u00eatre utilis\u00e9es partout: pour les terrasses, les sentiers de jardin et autour des piscines.<\/p>\n<\/div>\n<\/div><\/div><\/div><\/div><\/div><\/div><\/div><\/section><section class=\"l-section wpb_row height_auto\"><div class=\"l-section-h i-cf\"><div class=\"g-cols vc_row via_flex valign_top type_default stacking_default\"><div class=\"vc_col-sm-12 wpb_column vc_column_container\"><div class=\"vc_column-inner\"><div class=\"wpb_wrapper\"><div class=\"w-separator size_large\"><\/div><div class=\"w-grid us_grid type_grid layout_612 cols_3 preload_style_spinner ratio_1x1\" id=\"us_grid_1\" style=\"--columns:3;--gap:1.5rem;--item-ratio:1;\" data-filterable=\"true\"><style>@media (max-width:1024px){#us_grid_1{--columns:2!important}}@media (max-width:768px){#us_grid_1{--columns:1!important}}.layout_612 .w-grid-item-h{}.layout_612 .usg_vwrapper_1{transition-duration:0.3s;transform-origin:50% 50%;transform:scale(1.5) translate(0%,0%);opacity:0}.layout_612 .w-grid-item-h:focus-within .usg_vwrapper_1,.layout_612 .w-grid-item-h:hover .usg_vwrapper_1{transform:scale(1) translate(0%,0%);opacity:1;background:rgba(26,26,26,0.80)!important}.layout_612 .usg_vwrapper_1{position:absolute!important;left:0!important;top:0!important;bottom:0!important;right:0!important;padding:2rem!important}.layout_612 .usg_post_image_2{position:absolute!important;left:0!important;top:0!important;bottom:0!important;right:0!important}.layout_612 .usg_post_title_2{color:#ffffff!important;font-size:1.4rem!important}<\/style><div class=\"w-grid-list\">\t<article class=\"w-grid-item size_1x1 post-1085 attachment type-attachment status-inherit hentry\" data-id=\"1085\">\r\n\t\t<div class=\"w-grid-item-h\">\r\n\t\t\t\t\t\t\t<a ref=\"magnificPopupGrid\" href=\"https:\/\/vandeveldebeton.be\/wp-content\/uploads\/2021\/08\/Silex-1-1.jpeg\" class=\"w-grid-item-anchor\" aria-label=\"grindtegels\"><\/a>\r\n\t\t\t\t\t\t<div class=\"w-post-elm post_image usg_post_image_2 has_ratio\"><img loading=\"lazy\" decoding=\"async\" width=\"1024\" height=\"667\" src=\"https:\/\/vandeveldebeton.be\/wp-content\/uploads\/2021\/08\/Silex-1-1-1024x667.jpeg\" class=\"attachment-large size-large\" alt=\"grindtegels\" \/><div style=\"padding-bottom:100%\"><\/div><\/div><div class=\"w-vwrapper usg_vwrapper_1 align_center valign_middle\"><p class=\"w-post-elm post_title usg_post_title_2 has_text_color entry-title color_link_inherit\">Silexdallen * Dalles silex<\/p><\/div>\t\t<\/div>\r\n\t\t\t<\/article>\r\n\t<article class=\"w-grid-item size_1x1 post-1087 attachment type-attachment status-inherit hentry\" data-id=\"1087\">\r\n\t\t<div class=\"w-grid-item-h\">\r\n\t\t\t\t\t\t\t<a ref=\"magnificPopupGrid\" href=\"https:\/\/vandeveldebeton.be\/wp-content\/uploads\/2021\/08\/Silex-3.jpeg\" class=\"w-grid-item-anchor\" aria-label=\"Silexdallen\"><\/a>\r\n\t\t\t\t\t\t<div class=\"w-post-elm post_image usg_post_image_2 has_ratio\"><img loading=\"lazy\" decoding=\"async\" width=\"607\" height=\"262\" src=\"https:\/\/vandeveldebeton.be\/wp-content\/uploads\/2021\/08\/Silex-3.jpeg\" class=\"attachment-large size-large\" alt=\"Silexdallen\" \/><div style=\"padding-bottom:100%\"><\/div><\/div><div class=\"w-vwrapper usg_vwrapper_1 align_center valign_middle\"><p class=\"w-post-elm post_title usg_post_title_2 has_text_color entry-title color_link_inherit\">Silexdallen * Dalles silex<\/p><\/div>\t\t<\/div>\r\n\t\t\t<\/article>\r\n\t<article class=\"w-grid-item size_1x1 post-1083 attachment type-attachment status-inherit hentry\" data-id=\"1083\">\r\n\t\t<div class=\"w-grid-item-h\">\r\n\t\t\t\t\t\t\t<a ref=\"magnificPopupGrid\" href=\"https:\/\/vandeveldebeton.be\/wp-content\/uploads\/2021\/08\/Noppentegels-5.jpeg\" class=\"w-grid-item-anchor\" aria-label=\"Blindegeleidetegels\"><\/a>\r\n\t\t\t\t\t\t<div class=\"w-post-elm post_image usg_post_image_2 has_ratio\"><img loading=\"lazy\" decoding=\"async\" width=\"591\" height=\"591\" src=\"https:\/\/vandeveldebeton.be\/wp-content\/uploads\/2021\/08\/Noppentegels-5.jpeg\" class=\"attachment-large size-large\" alt=\"Blindegeleidetegels\" \/><div style=\"padding-bottom:100%\"><\/div><\/div><div class=\"w-vwrapper usg_vwrapper_1 align_center valign_middle\"><p class=\"w-post-elm post_title usg_post_title_2 has_text_color entry-title color_link_inherit\">Blindegeleidetegels * Dalles aveugles<\/p><\/div>\t\t<\/div>\r\n\t\t\t<\/article>\r\n\t<article class=\"w-grid-item size_1x1 post-1081 attachment type-attachment status-inherit hentry\" data-id=\"1081\">\r\n\t\t<div class=\"w-grid-item-h\">\r\n\t\t\t\t\t\t\t<a ref=\"magnificPopupGrid\" href=\"https:\/\/vandeveldebeton.be\/wp-content\/uploads\/2021\/08\/Grote-dallen-4-3.jpeg\" class=\"w-grid-item-anchor\" aria-label=\"betontegels 30x30\"><\/a>\r\n\t\t\t\t\t\t<div class=\"w-post-elm post_image usg_post_image_2 has_ratio\"><img loading=\"lazy\" decoding=\"async\" width=\"1024\" height=\"667\" src=\"https:\/\/vandeveldebeton.be\/wp-content\/uploads\/2021\/08\/Grote-dallen-4-3-1024x667.jpeg\" class=\"attachment-large size-large\" alt=\"betontegels 30x30\" \/><div style=\"padding-bottom:100%\"><\/div><\/div><div class=\"w-vwrapper usg_vwrapper_1 align_center valign_middle\"><p class=\"w-post-elm post_title usg_post_title_2 has_text_color entry-title color_link_inherit\">30&#215;30 met velling * chanfrein\u00e9<\/p><\/div>\t\t<\/div>\r\n\t\t\t<\/article>\r\n\t<article class=\"w-grid-item size_1x1 post-1079 attachment type-attachment status-inherit hentry\" data-id=\"1079\">\r\n\t\t<div class=\"w-grid-item-h\">\r\n\t\t\t\t\t\t\t<a ref=\"magnificPopupGrid\" href=\"https:\/\/vandeveldebeton.be\/wp-content\/uploads\/2021\/08\/Grote-dallen-3-1.jpeg\" class=\"w-grid-item-anchor\" aria-label=\"betontegels 60x40\"><\/a>\r\n\t\t\t\t\t\t<div class=\"w-post-elm post_image usg_post_image_2 has_ratio\"><img loading=\"lazy\" decoding=\"async\" width=\"1024\" height=\"667\" src=\"https:\/\/vandeveldebeton.be\/wp-content\/uploads\/2021\/08\/Grote-dallen-3-1-1024x667.jpeg\" class=\"attachment-large size-large\" alt=\"betontegels 60x40\" \/><div style=\"padding-bottom:100%\"><\/div><\/div><div class=\"w-vwrapper usg_vwrapper_1 align_center valign_middle\"><p class=\"w-post-elm post_title usg_post_title_2 has_text_color entry-title color_link_inherit\">60&#215;40<\/p><\/div>\t\t<\/div>\r\n\t\t\t<\/article>\r\n\t<article class=\"w-grid-item size_1x1 post-1077 attachment type-attachment status-inherit hentry\" data-id=\"1077\">\r\n\t\t<div class=\"w-grid-item-h\">\r\n\t\t\t\t\t\t\t<a ref=\"magnificPopupGrid\" href=\"https:\/\/vandeveldebeton.be\/wp-content\/uploads\/2021\/08\/Greppeldal-individueel-2-2-scaled.jpeg\" class=\"w-grid-item-anchor\" aria-label=\"Greppeltegels \"><\/a>\r\n\t\t\t\t\t\t<div class=\"w-post-elm post_image usg_post_image_2 has_ratio\"><img loading=\"lazy\" decoding=\"async\" width=\"1024\" height=\"453\" src=\"https:\/\/vandeveldebeton.be\/wp-content\/uploads\/2021\/08\/Greppeldal-individueel-2-2-1024x453.jpeg\" class=\"attachment-large size-large\" alt=\"Greppeltegels\" \/><div style=\"padding-bottom:100%\"><\/div><\/div><div class=\"w-vwrapper usg_vwrapper_1 align_center valign_middle\"><p class=\"w-post-elm post_title usg_post_title_2 has_text_color entry-title color_link_inherit\">Greppeltegels * Goulottes<\/p><\/div>\t\t<\/div>\r\n\t\t\t<\/article>\r\n\t<article class=\"w-grid-item size_1x1 post-1073 attachment type-attachment status-inherit hentry\" data-id=\"1073\">\r\n\t\t<div class=\"w-grid-item-h\">\r\n\t\t\t\t\t\t\t<a ref=\"magnificPopupGrid\" href=\"https:\/\/vandeveldebeton.be\/wp-content\/uploads\/2021\/08\/Greppeldal-1-2.jpeg\" class=\"w-grid-item-anchor\" aria-label=\"Greppeldallen\"><\/a>\r\n\t\t\t\t\t\t<div class=\"w-post-elm post_image usg_post_image_2 has_ratio\"><img loading=\"lazy\" decoding=\"async\" width=\"800\" height=\"800\" src=\"https:\/\/vandeveldebeton.be\/wp-content\/uploads\/2021\/08\/Greppeldal-1-2.jpeg\" class=\"attachment-large size-large\" alt=\"Greppeldallen\" \/><div style=\"padding-bottom:100%\"><\/div><\/div><div class=\"w-vwrapper usg_vwrapper_1 align_center valign_middle\"><p class=\"w-post-elm post_title usg_post_title_2 has_text_color entry-title color_link_inherit\">Greppeltegels * Goulottes<\/p><\/div>\t\t<\/div>\r\n\t\t\t<\/article>\r\n\t<article class=\"w-grid-item size_1x1 post-1075 attachment type-attachment status-inherit hentry\" data-id=\"1075\">\r\n\t\t<div class=\"w-grid-item-h\">\r\n\t\t\t\t\t\t\t<a ref=\"magnificPopupGrid\" href=\"https:\/\/vandeveldebeton.be\/wp-content\/uploads\/2021\/08\/Greppeldal-individueel-1-1.jpeg\" class=\"w-grid-item-anchor\" aria-label=\"Greppeltegel\"><\/a>\r\n\t\t\t\t\t\t<div class=\"w-post-elm post_image usg_post_image_2 has_ratio\"><img loading=\"lazy\" decoding=\"async\" width=\"1024\" height=\"1024\" src=\"https:\/\/vandeveldebeton.be\/wp-content\/uploads\/2021\/08\/Greppeldal-individueel-1-1-1024x1024.jpeg\" class=\"attachment-large size-large\" alt=\"Greppeltegel\" \/><div style=\"padding-bottom:100%\"><\/div><\/div><div class=\"w-vwrapper usg_vwrapper_1 align_center valign_middle\"><p class=\"w-post-elm post_title usg_post_title_2 has_text_color entry-title color_link_inherit\">Grijze greppeltegel * Goulotte grise<\/p><\/div>\t\t<\/div>\r\n\t\t\t<\/article>\r\n\t<article class=\"w-grid-item size_1x1 post-1071 attachment type-attachment status-inherit hentry\" data-id=\"1071\">\r\n\t\t<div class=\"w-grid-item-h\">\r\n\t\t\t\t\t\t\t<a ref=\"magnificPopupGrid\" href=\"https:\/\/vandeveldebeton.be\/wp-content\/uploads\/2021\/08\/Gidstegel-5.jpeg\" class=\"w-grid-item-anchor\" aria-label=\"Tegels met noppen\"><\/a>\r\n\t\t\t\t\t\t<div class=\"w-post-elm post_image usg_post_image_2 has_ratio\"><img loading=\"lazy\" decoding=\"async\" width=\"1024\" height=\"825\" src=\"https:\/\/vandeveldebeton.be\/wp-content\/uploads\/2021\/08\/Gidstegel-5-1024x825.jpeg\" class=\"attachment-large size-large\" alt=\"Tegels met noppen\" \/><div style=\"padding-bottom:100%\"><\/div><\/div><div class=\"w-vwrapper usg_vwrapper_1 align_center valign_middle\"><p class=\"w-post-elm post_title usg_post_title_2 has_text_color entry-title color_link_inherit\">Tegels met noppen * Dalles avec pastilles<\/p><\/div>\t\t<\/div>\r\n\t\t\t<\/article>\r\n\t<article class=\"w-grid-item size_1x1 post-1069 attachment type-attachment status-inherit hentry\" data-id=\"1069\">\r\n\t\t<div class=\"w-grid-item-h\">\r\n\t\t\t\t\t\t\t<a ref=\"magnificPopupGrid\" href=\"https:\/\/vandeveldebeton.be\/wp-content\/uploads\/2021\/08\/Gidstegel-3.jpeg\" class=\"w-grid-item-anchor\" aria-label=\"Ribbeltegels\"><\/a>\r\n\t\t\t\t\t\t<div class=\"w-post-elm post_image usg_post_image_2 has_ratio\"><img loading=\"lazy\" decoding=\"async\" width=\"1024\" height=\"837\" src=\"https:\/\/vandeveldebeton.be\/wp-content\/uploads\/2021\/08\/Gidstegel-3-1024x837.jpeg\" class=\"attachment-large size-large\" alt=\"Ribbeltegels\" \/><div style=\"padding-bottom:100%\"><\/div><\/div><div class=\"w-vwrapper usg_vwrapper_1 align_center valign_middle\"><p class=\"w-post-elm post_title usg_post_title_2 has_text_color entry-title color_link_inherit\">Ribbeltegel * Dalles avec rainures<\/p><\/div>\t\t<\/div>\r\n\t\t\t<\/article>\r\n\t<article class=\"w-grid-item size_1x1 post-1067 attachment type-attachment status-inherit hentry\" data-id=\"1067\">\r\n\t\t<div class=\"w-grid-item-h\">\r\n\t\t\t\t\t\t\t<a ref=\"magnificPopupGrid\" href=\"https:\/\/vandeveldebeton.be\/wp-content\/uploads\/2021\/08\/Dallen-7-2.jpeg\" class=\"w-grid-item-anchor\" aria-label=\"grote Betontegels\"><\/a>\r\n\t\t\t\t\t\t<div class=\"w-post-elm post_image usg_post_image_2 has_ratio\"><img loading=\"lazy\" decoding=\"async\" width=\"447\" height=\"447\" src=\"https:\/\/vandeveldebeton.be\/wp-content\/uploads\/2021\/08\/Dallen-7-2.jpeg\" class=\"attachment-large size-large\" alt=\"grote Betontegels\" \/><div style=\"padding-bottom:100%\"><\/div><\/div><div class=\"w-vwrapper usg_vwrapper_1 align_center valign_middle\"><p class=\"w-post-elm post_title usg_post_title_2 has_text_color entry-title color_link_inherit\">Botontegels groot formaat * Dalles en B\u00e9ton grand format<\/p><\/div>\t\t<\/div>\r\n\t\t\t<\/article>\r\n\t<article class=\"w-grid-item size_1x1 post-1065 attachment type-attachment status-inherit hentry\" data-id=\"1065\">\r\n\t\t<div class=\"w-grid-item-h\">\r\n\t\t\t\t\t\t\t<a ref=\"magnificPopupGrid\" href=\"https:\/\/vandeveldebeton.be\/wp-content\/uploads\/2021\/08\/Dallen-6-3.jpeg\" class=\"w-grid-item-anchor\" aria-label=\"grote tuintegels\"><\/a>\r\n\t\t\t\t\t\t<div class=\"w-post-elm post_image usg_post_image_2 has_ratio\"><img loading=\"lazy\" decoding=\"async\" width=\"1024\" height=\"1024\" src=\"https:\/\/vandeveldebeton.be\/wp-content\/uploads\/2021\/08\/Dallen-6-3-1024x1024.jpeg\" class=\"attachment-large size-large\" alt=\"grote tuintegels\" \/><div style=\"padding-bottom:100%\"><\/div><\/div><div class=\"w-vwrapper usg_vwrapper_1 align_center valign_middle\"><p class=\"w-post-elm post_title usg_post_title_2 has_text_color entry-title color_link_inherit\">Tegels groot formaat * Dalles grand format<\/p><\/div>\t\t<\/div>\r\n\t\t\t<\/article>\r\n\t<article class=\"w-grid-item size_1x1 post-1063 attachment type-attachment status-inherit hentry\" data-id=\"1063\">\r\n\t\t<div class=\"w-grid-item-h\">\r\n\t\t\t\t\t\t\t<a ref=\"magnificPopupGrid\" href=\"https:\/\/vandeveldebeton.be\/wp-content\/uploads\/2021\/08\/Dallen-5-2-scaled.jpeg\" class=\"w-grid-item-anchor\" aria-label=\"Tuintegels groot formaat\"><\/a>\r\n\t\t\t\t\t\t<div class=\"w-post-elm post_image usg_post_image_2 has_ratio\"><img loading=\"lazy\" decoding=\"async\" width=\"1024\" height=\"682\" src=\"https:\/\/vandeveldebeton.be\/wp-content\/uploads\/2021\/08\/Dallen-5-2-1024x682.jpeg\" class=\"attachment-large size-large\" alt=\"Tuintegels groot formaat\" \/><div style=\"padding-bottom:100%\"><\/div><\/div><div class=\"w-vwrapper usg_vwrapper_1 align_center valign_middle\"><p class=\"w-post-elm post_title usg_post_title_2 has_text_color entry-title color_link_inherit\">Tegels groot formaat * Dalles grand format<\/p><\/div>\t\t<\/div>\r\n\t\t\t<\/article>\r\n\t<article class=\"w-grid-item size_1x1 post-1061 attachment type-attachment status-inherit hentry\" data-id=\"1061\">\r\n\t\t<div class=\"w-grid-item-h\">\r\n\t\t\t\t\t\t\t<a ref=\"magnificPopupGrid\" href=\"https:\/\/vandeveldebeton.be\/wp-content\/uploads\/2021\/08\/Dallen-3-1.jpeg\" class=\"w-grid-item-anchor\" aria-label=\"betondallen\"><\/a>\r\n\t\t\t\t\t\t<div class=\"w-post-elm post_image usg_post_image_2 has_ratio\"><img loading=\"lazy\" decoding=\"async\" width=\"1024\" height=\"682\" src=\"https:\/\/vandeveldebeton.be\/wp-content\/uploads\/2021\/08\/Dallen-3-1-1024x682.jpeg\" class=\"attachment-large size-large\" alt=\"betondallen\" \/><div style=\"padding-bottom:100%\"><\/div><\/div><div class=\"w-vwrapper usg_vwrapper_1 align_center valign_middle\"><p class=\"w-post-elm post_title usg_post_title_2 has_text_color entry-title color_link_inherit\">Dallen met velling * Dalles avec chanfrein<\/p><\/div>\t\t<\/div>\r\n\t\t\t<\/article>\r\n\t<article class=\"w-grid-item size_1x1 post-1059 attachment type-attachment status-inherit hentry\" data-id=\"1059\">\r\n\t\t<div class=\"w-grid-item-h\">\r\n\t\t\t\t\t\t\t<a ref=\"magnificPopupGrid\" href=\"https:\/\/vandeveldebeton.be\/wp-content\/uploads\/2021\/08\/Dallen-1-1.jpeg\" class=\"w-grid-item-anchor\" aria-label=\"betonnen Dallen\"><\/a>\r\n\t\t\t\t\t\t<div class=\"w-post-elm post_image usg_post_image_2 has_ratio\"><img loading=\"lazy\" decoding=\"async\" width=\"1024\" height=\"768\" src=\"https:\/\/vandeveldebeton.be\/wp-content\/uploads\/2021\/08\/Dallen-1-1-1024x768.jpeg\" class=\"attachment-large size-large\" alt=\"betonnen Dallen\" \/><div style=\"padding-bottom:100%\"><\/div><\/div><div class=\"w-vwrapper usg_vwrapper_1 align_center valign_middle\"><p class=\"w-post-elm post_title usg_post_title_2 has_text_color entry-title color_link_inherit\">Dallen * Dalles<\/p><\/div>\t\t<\/div>\r\n\t\t\t<\/article>\r\n\t<article class=\"w-grid-item size_1x1 post-1057 attachment type-attachment status-inherit hentry\" data-id=\"1057\">\r\n\t\t<div class=\"w-grid-item-h\">\r\n\t\t\t\t\t\t\t<a ref=\"magnificPopupGrid\" href=\"https:\/\/vandeveldebeton.be\/wp-content\/uploads\/2021\/08\/Antislipdal-5.jpeg\" class=\"w-grid-item-anchor\" aria-label=\"Antisliptegels\"><\/a>\r\n\t\t\t\t\t\t<div class=\"w-post-elm post_image usg_post_image_2 has_ratio\"><img loading=\"lazy\" decoding=\"async\" width=\"1024\" height=\"768\" src=\"https:\/\/vandeveldebeton.be\/wp-content\/uploads\/2021\/08\/Antislipdal-5-1024x768.jpeg\" class=\"attachment-large size-large\" alt=\"Antisliptegels\" \/><div style=\"padding-bottom:100%\"><\/div><\/div><div class=\"w-vwrapper usg_vwrapper_1 align_center valign_middle\"><p class=\"w-post-elm post_title usg_post_title_2 has_text_color entry-title color_link_inherit\">Antisliptegels * Dalles antid\u00e9rapente<\/p><\/div>\t\t<\/div>\r\n\t\t\t<\/article>\r\n\t<article class=\"w-grid-item size_1x1 post-1055 attachment type-attachment status-inherit hentry\" data-id=\"1055\">\r\n\t\t<div class=\"w-grid-item-h\">\r\n\t\t\t\t\t\t\t<a ref=\"magnificPopupGrid\" href=\"https:\/\/vandeveldebeton.be\/wp-content\/uploads\/2021\/08\/Antislipdal-3-1.jpeg\" class=\"w-grid-item-anchor\" aria-label=\"beton Antisliptegels\"><\/a>\r\n\t\t\t\t\t\t<div class=\"w-post-elm post_image usg_post_image_2 has_ratio\"><img loading=\"lazy\" decoding=\"async\" width=\"1024\" height=\"768\" src=\"https:\/\/vandeveldebeton.be\/wp-content\/uploads\/2021\/08\/Antislipdal-3-1-1024x768.jpeg\" class=\"attachment-large size-large\" alt=\"beton Antisliptegels\" \/><div style=\"padding-bottom:100%\"><\/div><\/div><div class=\"w-vwrapper usg_vwrapper_1 align_center valign_middle\"><p class=\"w-post-elm post_title usg_post_title_2 has_text_color entry-title color_link_inherit\">Antisliptegels * Dalles antid\u00e9rapente<\/p><\/div>\t\t<\/div>\r\n\t\t\t<\/article>\r\n\t<article class=\"w-grid-item size_1x1 post-1053 attachment type-attachment status-inherit hentry\" data-id=\"1053\">\r\n\t\t<div class=\"w-grid-item-h\">\r\n\t\t\t\t\t\t\t<a ref=\"magnificPopupGrid\" href=\"https:\/\/vandeveldebeton.be\/wp-content\/uploads\/2021\/08\/Antislipdal-2-1.jpeg\" class=\"w-grid-item-anchor\" aria-label=\"Antisliptegels beton\"><\/a>\r\n\t\t\t\t\t\t<div class=\"w-post-elm post_image usg_post_image_2 has_ratio\"><img loading=\"lazy\" decoding=\"async\" width=\"1024\" height=\"768\" src=\"https:\/\/vandeveldebeton.be\/wp-content\/uploads\/2021\/08\/Antislipdal-2-1-1024x768.jpeg\" class=\"attachment-large size-large\" alt=\"Antisliptegels beton\" \/><div style=\"padding-bottom:100%\"><\/div><\/div><div class=\"w-vwrapper usg_vwrapper_1 align_center valign_middle\"><p class=\"w-post-elm post_title usg_post_title_2 has_text_color entry-title color_link_inherit\">Antisliptegels * Dalles antid\u00e9rapente<\/p><\/div>\t\t<\/div>\r\n\t\t\t<\/article>\r\n<\/div>\t<div class=\"w-grid-preloader\">\r\n\t\t<div class=\"g-preloader type_1\">\r\n\t\t\t<div><\/div>\r\n\t\t<\/div>\r\n\t<\/div>\r\n\t\t<div class=\"w-grid-json hidden\" onclick='return {&quot;action&quot;:&quot;us_ajax_grid&quot;,&quot;infinite_scroll&quot;:0,&quot;max_num_pages&quot;:1,&quot;pagination&quot;:&quot;none&quot;,&quot;template_vars&quot;:{&quot;columns&quot;:&quot;3&quot;,&quot;exclude_items&quot;:&quot;none&quot;,&quot;img_size&quot;:&quot;default&quot;,&quot;ignore_items_size&quot;:0,&quot;items_layout&quot;:&quot;612&quot;,&quot;items_offset&quot;:&quot;1&quot;,&quot;load_animation&quot;:&quot;none&quot;,&quot;overriding_link&quot;:&quot;%7B%22type%22%3A%22popup_image%22%7D&quot;,&quot;post_id&quot;:0,&quot;query_args&quot;:{&quot;post_type&quot;:[&quot;attachment&quot;],&quot;post__in&quot;:[&quot;1086&quot;,&quot;1084&quot;,&quot;1082&quot;,&quot;1080&quot;,&quot;1078&quot;,&quot;1076&quot;,&quot;1074&quot;,&quot;1072&quot;,&quot;1070&quot;,&quot;1068&quot;,&quot;1066&quot;,&quot;1064&quot;,&quot;1062&quot;,&quot;1060&quot;,&quot;1058&quot;,&quot;1056&quot;,&quot;1054&quot;,&quot;1052&quot;],&quot;post_status&quot;:&quot;inherit&quot;,&quot;post_mime_type&quot;:&quot;image&quot;,&quot;posts_per_page&quot;:999},&quot;orderby_query_args&quot;:{&quot;orderby&quot;:{&quot;date&quot;:&quot;DESC&quot;}},&quot;type&quot;:&quot;grid&quot;,&quot;us_grid_post_type&quot;:&quot;attachment&quot;,&quot;us_grid_ajax_index&quot;:1,&quot;us_grid_filter_query_string&quot;:null,&quot;us_grid_index&quot;:1,&quot;page_args&quot;:[],&quot;lang&quot;:&quot;fr&quot;}}'><\/div>\r\n\t<\/div><div class=\"w-separator size_large\"><\/div><\/div><\/div><\/div><\/div><\/div><\/section><section class=\"l-section wpb_row height_auto\"><div class=\"l-section-h i-cf\"><div class=\"g-cols vc_row via_flex valign_top type_default stacking_default\"><div class=\"vc_col-sm-12 wpb_column vc_column_container\"><div class=\"vc_column-inner\"><div class=\"wpb_wrapper\"><div class=\"wpb_text_column\"><div class=\"wpb_wrapper\"><div class=\"wpb_text_column\">\n<div class=\"wpb_wrapper\">\n<h2>Plus d\u2019info sur dalles en b\u00e9ton<\/h2>\n<\/div>\n<\/div>\n<\/div><\/div><div class=\"w-separator size_small\"><\/div><div class=\"wpb_text_column pdflinks\"><div class=\"wpb_wrapper\"><p><a href=\"https:\/\/vandeveldebeton.be\/wp-content\/uploads\/2021\/09\/Plus-dinfo-sur-dalles-en-be\u0301ton.pdf\">Plus d\u2019info sur dalles en b\u00e9ton<\/a><\/p>\n<\/div><\/div><div class=\"w-separator size_large\"><\/div><\/div><\/div><\/div><\/div><\/div><\/section>\n","protected":false},"excerpt":{"rendered":"","protected":false},"author":1,"featured_media":1063,"parent":2400,"menu_order":0,"comment_status":"closed","ping_status":"closed","template":"","meta":{"_acf_changed":false,"footnotes":""},"class_list":["post-2402","page","type-page","status-publish","has-post-thumbnail","hentry"],"acf":[],"yoast_head":"<!-- This site is optimized with the Yoast SEO plugin v26.6 - https:\/\/yoast.com\/wordpress\/plugins\/seo\/ -->\n<title>Dalles en b\u00e9ton - Van de Velde Beton<\/title>\n<meta name=\"robots\" content=\"index, follow, max-snippet:-1, max-image-preview:large, max-video-preview:-1\" \/>\n<link rel=\"canonical\" href=\"https:\/\/vandeveldebeton.be\/fr\/produits\/pavage-et-construction-de-routes\/dalles\/dalles-en-beton\/\" \/>\n<meta property=\"og:locale\" content=\"fr_FR\" \/>\n<meta property=\"og:type\" content=\"article\" \/>\n<meta property=\"og:title\" content=\"Dalles en b\u00e9ton - Van de Velde Beton\" \/>\n<meta property=\"og:url\" content=\"https:\/\/vandeveldebeton.be\/fr\/produits\/pavage-et-construction-de-routes\/dalles\/dalles-en-beton\/\" \/>\n<meta property=\"og:site_name\" content=\"Van de Velde Beton\" \/>\n<meta property=\"article:modified_time\" content=\"2024-06-05T12:30:17+00:00\" \/>\n<meta property=\"og:image\" content=\"https:\/\/vandeveldebeton.be\/wp-content\/uploads\/2021\/08\/Dallen-5-2-scaled.jpeg\" \/>\n\t<meta property=\"og:image:width\" content=\"2560\" \/>\n\t<meta property=\"og:image:height\" content=\"1706\" \/>\n\t<meta property=\"og:image:type\" content=\"image\/jpeg\" \/>\n<meta name=\"twitter:card\" content=\"summary_large_image\" \/>\n<meta name=\"twitter:label1\" content=\"Dur\u00e9e de lecture est.\" \/>\n\t<meta name=\"twitter:data1\" content=\"2 minutes\" \/>\n<script type=\"application\/ld+json\" class=\"yoast-schema-graph\">{\"@context\":\"https:\/\/schema.org\",\"@graph\":[{\"@type\":\"WebPage\",\"@id\":\"https:\/\/vandeveldebeton.be\/fr\/produits\/pavage-et-construction-de-routes\/dalles\/dalles-en-beton\/\",\"url\":\"https:\/\/vandeveldebeton.be\/fr\/produits\/pavage-et-construction-de-routes\/dalles\/dalles-en-beton\/\",\"name\":\"Dalles en b\u00e9ton - Van de Velde Beton\",\"isPartOf\":{\"@id\":\"https:\/\/vandeveldebeton.be\/fr\/#website\"},\"primaryImageOfPage\":{\"@id\":\"https:\/\/vandeveldebeton.be\/fr\/produits\/pavage-et-construction-de-routes\/dalles\/dalles-en-beton\/#primaryimage\"},\"image\":{\"@id\":\"https:\/\/vandeveldebeton.be\/fr\/produits\/pavage-et-construction-de-routes\/dalles\/dalles-en-beton\/#primaryimage\"},\"thumbnailUrl\":\"https:\/\/vandeveldebeton.be\/wp-content\/uploads\/2021\/08\/Dallen-5-2-scaled.jpeg\",\"datePublished\":\"2021-09-21T07:07:17+00:00\",\"dateModified\":\"2024-06-05T12:30:17+00:00\",\"breadcrumb\":{\"@id\":\"https:\/\/vandeveldebeton.be\/fr\/produits\/pavage-et-construction-de-routes\/dalles\/dalles-en-beton\/#breadcrumb\"},\"inLanguage\":\"fr-BE\",\"potentialAction\":[{\"@type\":\"ReadAction\",\"target\":[\"https:\/\/vandeveldebeton.be\/fr\/produits\/pavage-et-construction-de-routes\/dalles\/dalles-en-beton\/\"]}]},{\"@type\":\"ImageObject\",\"inLanguage\":\"fr-BE\",\"@id\":\"https:\/\/vandeveldebeton.be\/fr\/produits\/pavage-et-construction-de-routes\/dalles\/dalles-en-beton\/#primaryimage\",\"url\":\"https:\/\/vandeveldebeton.be\/wp-content\/uploads\/2021\/08\/Dallen-5-2-scaled.jpeg\",\"contentUrl\":\"https:\/\/vandeveldebeton.be\/wp-content\/uploads\/2021\/08\/Dallen-5-2-scaled.jpeg\",\"width\":2560,\"height\":1706,\"caption\":\"Tuintegels groot formaat\"},{\"@type\":\"BreadcrumbList\",\"@id\":\"https:\/\/vandeveldebeton.be\/fr\/produits\/pavage-et-construction-de-routes\/dalles\/dalles-en-beton\/#breadcrumb\",\"itemListElement\":[{\"@type\":\"ListItem\",\"position\":1,\"name\":\"Home\",\"item\":\"https:\/\/vandeveldebeton.be\/fr\/\"},{\"@type\":\"ListItem\",\"position\":2,\"name\":\"Produits\",\"item\":\"https:\/\/vandeveldebeton.be\/fr\/produits\/\"},{\"@type\":\"ListItem\",\"position\":3,\"name\":\"Pavage et construction de routes\",\"item\":\"https:\/\/vandeveldebeton.be\/fr\/produits\/pavage-et-construction-de-routes\/\"},{\"@type\":\"ListItem\",\"position\":4,\"name\":\"Dalles\",\"item\":\"https:\/\/vandeveldebeton.be\/fr\/produits\/pavage-et-construction-de-routes\/dalles\/\"},{\"@type\":\"ListItem\",\"position\":5,\"name\":\"Dalles en b\u00e9ton\"}]},{\"@type\":\"WebSite\",\"@id\":\"https:\/\/vandeveldebeton.be\/fr\/#website\",\"url\":\"https:\/\/vandeveldebeton.be\/fr\/\",\"name\":\"Van de Velde Beton\",\"description\":\"\",\"potentialAction\":[{\"@type\":\"SearchAction\",\"target\":{\"@type\":\"EntryPoint\",\"urlTemplate\":\"https:\/\/vandeveldebeton.be\/fr\/?s={search_term_string}\"},\"query-input\":{\"@type\":\"PropertyValueSpecification\",\"valueRequired\":true,\"valueName\":\"search_term_string\"}}],\"inLanguage\":\"fr-BE\"}]}<\/script>\n<!-- \/ Yoast SEO plugin. -->","yoast_head_json":{"title":"Dalles en b\u00e9ton - Van de Velde Beton","robots":{"index":"index","follow":"follow","max-snippet":"max-snippet:-1","max-image-preview":"max-image-preview:large","max-video-preview":"max-video-preview:-1"},"canonical":"https:\/\/vandeveldebeton.be\/fr\/produits\/pavage-et-construction-de-routes\/dalles\/dalles-en-beton\/","og_locale":"fr_FR","og_type":"article","og_title":"Dalles en b\u00e9ton - Van de Velde Beton","og_url":"https:\/\/vandeveldebeton.be\/fr\/produits\/pavage-et-construction-de-routes\/dalles\/dalles-en-beton\/","og_site_name":"Van de Velde Beton","article_modified_time":"2024-06-05T12:30:17+00:00","og_image":[{"width":2560,"height":1706,"url":"https:\/\/vandeveldebeton.be\/wp-content\/uploads\/2021\/08\/Dallen-5-2-scaled.jpeg","type":"image\/jpeg"}],"twitter_card":"summary_large_image","twitter_misc":{"Dur\u00e9e de lecture est.":"2 minutes"},"schema":{"@context":"https:\/\/schema.org","@graph":[{"@type":"WebPage","@id":"https:\/\/vandeveldebeton.be\/fr\/produits\/pavage-et-construction-de-routes\/dalles\/dalles-en-beton\/","url":"https:\/\/vandeveldebeton.be\/fr\/produits\/pavage-et-construction-de-routes\/dalles\/dalles-en-beton\/","name":"Dalles en b\u00e9ton - Van de Velde Beton","isPartOf":{"@id":"https:\/\/vandeveldebeton.be\/fr\/#website"},"primaryImageOfPage":{"@id":"https:\/\/vandeveldebeton.be\/fr\/produits\/pavage-et-construction-de-routes\/dalles\/dalles-en-beton\/#primaryimage"},"image":{"@id":"https:\/\/vandeveldebeton.be\/fr\/produits\/pavage-et-construction-de-routes\/dalles\/dalles-en-beton\/#primaryimage"},"thumbnailUrl":"https:\/\/vandeveldebeton.be\/wp-content\/uploads\/2021\/08\/Dallen-5-2-scaled.jpeg","datePublished":"2021-09-21T07:07:17+00:00","dateModified":"2024-06-05T12:30:17+00:00","breadcrumb":{"@id":"https:\/\/vandeveldebeton.be\/fr\/produits\/pavage-et-construction-de-routes\/dalles\/dalles-en-beton\/#breadcrumb"},"inLanguage":"fr-BE","potentialAction":[{"@type":"ReadAction","target":["https:\/\/vandeveldebeton.be\/fr\/produits\/pavage-et-construction-de-routes\/dalles\/dalles-en-beton\/"]}]},{"@type":"ImageObject","inLanguage":"fr-BE","@id":"https:\/\/vandeveldebeton.be\/fr\/produits\/pavage-et-construction-de-routes\/dalles\/dalles-en-beton\/#primaryimage","url":"https:\/\/vandeveldebeton.be\/wp-content\/uploads\/2021\/08\/Dallen-5-2-scaled.jpeg","contentUrl":"https:\/\/vandeveldebeton.be\/wp-content\/uploads\/2021\/08\/Dallen-5-2-scaled.jpeg","width":2560,"height":1706,"caption":"Tuintegels groot formaat"},{"@type":"BreadcrumbList","@id":"https:\/\/vandeveldebeton.be\/fr\/produits\/pavage-et-construction-de-routes\/dalles\/dalles-en-beton\/#breadcrumb","itemListElement":[{"@type":"ListItem","position":1,"name":"Home","item":"https:\/\/vandeveldebeton.be\/fr\/"},{"@type":"ListItem","position":2,"name":"Produits","item":"https:\/\/vandeveldebeton.be\/fr\/produits\/"},{"@type":"ListItem","position":3,"name":"Pavage et construction de routes","item":"https:\/\/vandeveldebeton.be\/fr\/produits\/pavage-et-construction-de-routes\/"},{"@type":"ListItem","position":4,"name":"Dalles","item":"https:\/\/vandeveldebeton.be\/fr\/produits\/pavage-et-construction-de-routes\/dalles\/"},{"@type":"ListItem","position":5,"name":"Dalles en b\u00e9ton"}]},{"@type":"WebSite","@id":"https:\/\/vandeveldebeton.be\/fr\/#website","url":"https:\/\/vandeveldebeton.be\/fr\/","name":"Van de Velde Beton","description":"","potentialAction":[{"@type":"SearchAction","target":{"@type":"EntryPoint","urlTemplate":"https:\/\/vandeveldebeton.be\/fr\/?s={search_term_string}"},"query-input":{"@type":"PropertyValueSpecification","valueRequired":true,"valueName":"search_term_string"}}],"inLanguage":"fr-BE"}]}},"_links":{"self":[{"href":"https:\/\/vandeveldebeton.be\/fr\/wp-json\/wp\/v2\/pages\/2402","targetHints":{"allow":["GET"]}}],"collection":[{"href":"https:\/\/vandeveldebeton.be\/fr\/wp-json\/wp\/v2\/pages"}],"about":[{"href":"https:\/\/vandeveldebeton.be\/fr\/wp-json\/wp\/v2\/types\/page"}],"author":[{"embeddable":true,"href":"https:\/\/vandeveldebeton.be\/fr\/wp-json\/wp\/v2\/users\/1"}],"replies":[{"embeddable":true,"href":"https:\/\/vandeveldebeton.be\/fr\/wp-json\/wp\/v2\/comments?post=2402"}],"version-history":[{"count":8,"href":"https:\/\/vandeveldebeton.be\/fr\/wp-json\/wp\/v2\/pages\/2402\/revisions"}],"predecessor-version":[{"id":4557,"href":"https:\/\/vandeveldebeton.be\/fr\/wp-json\/wp\/v2\/pages\/2402\/revisions\/4557"}],"up":[{"embeddable":true,"href":"https:\/\/vandeveldebeton.be\/fr\/wp-json\/wp\/v2\/pages\/2400"}],"wp:featuredmedia":[{"embeddable":true,"href":"https:\/\/vandeveldebeton.be\/fr\/wp-json\/wp\/v2\/media\/1063"}],"wp:attachment":[{"href":"https:\/\/vandeveldebeton.be\/fr\/wp-json\/wp\/v2\/media?parent=2402"}],"curies":[{"name":"wp","href":"https:\/\/api.w.org\/{rel}","templated":true}]}}